{"id":32,"date":"2020-09-18T13:20:57","date_gmt":"2020-09-18T11:20:57","guid":{"rendered":"http:\/\/serwer1690480.home.pl\/garbow\/?page_id=32"},"modified":"2021-04-23T11:27:02","modified_gmt":"2021-04-23T09:27:02","slug":"dyrekcja-szkoly","status":"publish","type":"page","link":"https:\/\/szkola.garbow.pl\/index.php\/dyrekcja-szkoly\/","title":{"rendered":"Dyrekcja szko\u0142y"},"content":{"rendered":"\t\t<div data-elementor-type=\"wp-page\" data-elementor-id=\"32\" class=\"elementor elementor-32\">\n\t\t\t\t\t\t<section class=\"elementor-section elementor-top-section elementor-element elementor-element-1909195c elementor-section-boxed elementor-section-height-default elementor-section-height-default\" data-id=\"1909195c\" data-element_type=\"section\" data-e-type=\"section\" data-settings=\"{&quot;background_background&quot;:&quot;classic&quot;}\">\n\t\t\t\t\t\t<div class=\"elementor-container elementor-column-gap-default\">\n\t\t\t\t\t<div class=\"elementor-column elementor-col-100 elementor-top-column elementor-element elementor-element-3462f811\" data-id=\"3462f811\" data-element_type=\"column\" data-e-type=\"column\">\n\t\t\t<div class=\"elementor-widget-wrap elementor-element-populated\">\n\t\t\t\t\t\t<div class=\"elementor-element elementor-element-569fd429 elementor-widget elementor-widget-text-editor\" data-id=\"569fd429\" data-element_type=\"widget\" data-e-type=\"widget\" data-widget_type=\"text-editor.default\">\n\t\t\t\t<div class=\"elementor-widget-container\">\n\t\t\t\t\t\t\t\t\t<p style=\"text-align: center;\">DYREKCJA<\/p>\t\t\t\t\t\t\t\t<\/div>\n\t\t\t\t<\/div>\n\t\t\t\t\t<\/div>\n\t\t<\/div>\n\t\t\t\t\t<\/div>\n\t\t<\/section>\n\t\t\t\t<section class=\"elementor-section elementor-top-section elementor-element elementor-element-a6571d4 elementor-section-boxed elementor-section-height-default elementor-section-height-default\" data-id=\"a6571d4\" data-element_type=\"section\" data-e-type=\"section\">\n\t\t\t\t\t\t<div class=\"elementor-container elementor-column-gap-default\">\n\t\t\t\t\t<div class=\"elementor-column elementor-col-100 elementor-top-column elementor-element elementor-element-fc275f5\" data-id=\"fc275f5\" data-element_type=\"column\" data-e-type=\"column\">\n\t\t\t<div class=\"elementor-widget-wrap elementor-element-populated\">\n\t\t\t\t\t\t<section class=\"elementor-section elementor-inner-section elementor-element elementor-element-35122ece elementor-section-boxed elementor-section-height-default elementor-section-height-default\" data-id=\"35122ece\" data-element_type=\"section\" data-e-type=\"section\">\n\t\t\t\t\t\t<div class=\"elementor-container elementor-column-gap-no\">\n\t\t\t\t\t<div class=\"elementor-column elementor-col-33 elementor-inner-column elementor-element elementor-element-730f3c38\" data-id=\"730f3c38\" data-element_type=\"column\" data-e-type=\"column\" data-settings=\"{&quot;background_background&quot;:&quot;classic&quot;}\">\n\t\t\t<div class=\"elementor-widget-wrap elementor-element-populated\">\n\t\t\t\t\t\t<div class=\"elementor-element elementor-element-58ee8f3a elementor-widget elementor-widget-image\" data-id=\"58ee8f3a\" data-element_type=\"widget\" data-e-type=\"widget\" data-widget_type=\"image.default\">\n\t\t\t\t<div class=\"elementor-widget-container\">\n\t\t\t\t\t\t\t\t\t\t\t\t\t\t\t<img fetchpriority=\"high\" decoding=\"async\" width=\"286\" height=\"283\" src=\"https:\/\/szkola.garbow.pl\/wp-content\/uploads\/2020\/09\/Nina_Bartoszcze-_Wylaz.jpg\" class=\"attachment-medium size-medium wp-image-245\" alt=\"\" \/>\t\t\t\t\t\t\t\t\t\t\t\t\t\t\t<\/div>\n\t\t\t\t<\/div>\n\t\t\t\t<div class=\"elementor-element elementor-element-6d663140 elementor-widget elementor-widget-heading\" data-id=\"6d663140\" data-element_type=\"widget\" data-e-type=\"widget\" data-widget_type=\"heading.default\">\n\t\t\t\t<div class=\"elementor-widget-container\">\n\t\t\t\t\t<h2 class=\"elementor-heading-title elementor-size-large\">mgr Nina Bartoszcze - Wyla\u017a<\/h2>\t\t\t\t<\/div>\n\t\t\t\t<\/div>\n\t\t\t\t<div class=\"elementor-element elementor-element-3312e672 elementor-widget elementor-widget-heading\" data-id=\"3312e672\" data-element_type=\"widget\" data-e-type=\"widget\" data-widget_type=\"heading.default\">\n\t\t\t\t<div class=\"elementor-widget-container\">\n\t\t\t\t\t<h2 class=\"elementor-heading-title elementor-size-large\">DYREKTOR SZKO\u0141Y<\/h2>\t\t\t\t<\/div>\n\t\t\t\t<\/div>\n\t\t\t\t\t<\/div>\n\t\t<\/div>\n\t\t\t\t<div class=\"elementor-column elementor-col-33 elementor-inner-column elementor-element elementor-element-2962b1ed\" data-id=\"2962b1ed\" data-element_type=\"column\" data-e-type=\"column\" data-settings=\"{&quot;background_background&quot;:&quot;classic&quot;}\">\n\t\t\t<div class=\"elementor-widget-wrap elementor-element-populated\">\n\t\t\t\t\t\t<div class=\"elementor-element elementor-element-454893c1 elementor-widget elementor-widget-image\" data-id=\"454893c1\" data-element_type=\"widget\" data-e-type=\"widget\" data-widget_type=\"image.default\">\n\t\t\t\t<div class=\"elementor-widget-container\">\n\t\t\t\t\t\t\t\t\t\t\t\t\t\t\t<img decoding=\"async\" width=\"286\" height=\"283\" src=\"https:\/\/szkola.garbow.pl\/wp-content\/uploads\/2020\/09\/Lucyna_Zak.jpg\" class=\"attachment-large size-large wp-image-249\" alt=\"\" \/>\t\t\t\t\t\t\t\t\t\t\t\t\t\t\t<\/div>\n\t\t\t\t<\/div>\n\t\t\t\t<div class=\"elementor-element elementor-element-b45d8d3 elementor-widget elementor-widget-heading\" data-id=\"b45d8d3\" data-element_type=\"widget\" data-e-type=\"widget\" data-widget_type=\"heading.default\">\n\t\t\t\t<div class=\"elementor-widget-container\">\n\t\t\t\t\t<h2 class=\"elementor-heading-title elementor-size-large\">mgr Lucyna \u017bak<\/h2>\t\t\t\t<\/div>\n\t\t\t\t<\/div>\n\t\t\t\t<div class=\"elementor-element elementor-element-0d9164e elementor-widget elementor-widget-heading\" data-id=\"0d9164e\" data-element_type=\"widget\" data-e-type=\"widget\" data-widget_type=\"heading.default\">\n\t\t\t\t<div class=\"elementor-widget-container\">\n\t\t\t\t\t<h2 class=\"elementor-heading-title elementor-size-large\">WICEDYREKTOR\u00a0<\/h2>\t\t\t\t<\/div>\n\t\t\t\t<\/div>\n\t\t\t\t\t<\/div>\n\t\t<\/div>\n\t\t\t\t<div class=\"elementor-column elementor-col-33 elementor-inner-column elementor-element elementor-element-b3c2c62\" data-id=\"b3c2c62\" data-element_type=\"column\" data-e-type=\"column\" data-settings=\"{&quot;background_background&quot;:&quot;classic&quot;}\">\n\t\t\t<div class=\"elementor-widget-wrap elementor-element-populated\">\n\t\t\t\t\t\t<div class=\"elementor-element elementor-element-5fa72358 elementor-widget elementor-widget-image\" data-id=\"5fa72358\" data-element_type=\"widget\" data-e-type=\"widget\" data-widget_type=\"image.default\">\n\t\t\t\t<div class=\"elementor-widget-container\">\n\t\t\t\t\t\t\t\t\t\t\t\t\t\t\t<img decoding=\"async\" width=\"400\" height=\"400\" src=\"https:\/\/szkola.garbow.pl\/wp-content\/uploads\/2021\/04\/176389125_888599701922828_2295830320641031738_n-400x400.jpg\" class=\"attachment-thumbnail size-thumbnail wp-image-4325\" alt=\"\" \/>\t\t\t\t\t\t\t\t\t\t\t\t\t\t\t<\/div>\n\t\t\t\t<\/div>\n\t\t\t\t<div class=\"elementor-element elementor-element-22692a5 elementor-widget elementor-widget-heading\" data-id=\"22692a5\" data-element_type=\"widget\" data-e-type=\"widget\" data-widget_type=\"heading.default\">\n\t\t\t\t<div class=\"elementor-widget-container\">\n\t\t\t\t\t<h2 class=\"elementor-heading-title elementor-size-large\">Pani Aldona Gajda<\/h2>\t\t\t\t<\/div>\n\t\t\t\t<\/div>\n\t\t\t\t<div class=\"elementor-element elementor-element-51598f5 elementor-widget elementor-widget-heading\" data-id=\"51598f5\" data-element_type=\"widget\" data-e-type=\"widget\" data-widget_type=\"heading.default\">\n\t\t\t\t<div class=\"elementor-widget-container\">\n\t\t\t\t\t<h2 class=\"elementor-heading-title elementor-size-large\">SEKRETARKA\u00a0<\/h2>\t\t\t\t<\/div>\n\t\t\t\t<\/div>\n\t\t\t\t\t<\/div>\n\t\t<\/div>\n\t\t\t\t\t<\/div>\n\t\t<\/section>\n\t\t\t\t\t<\/div>\n\t\t<\/div>\n\t\t\t\t\t<\/div>\n\t\t<\/section>\n\t\t\t\t<\/div>\n\t\t","protected":false},"excerpt":{"rendered":"<p>DYREKCJA mgr Nina Bartoszcze &#8211; Wyla\u017a DYREKTOR SZKO\u0141Y mgr Lucyna \u017bak WICEDYREKTOR\u00a0 Pani Aldona Gajda SEKRETARKA\u00a0<\/p>\n","protected":false},"author":2,"featured_media":0,"parent":0,"menu_order":0,"comment_status":"closed","ping_status":"closed","template":"","meta":{"footnotes":""},"class_list":["post-32","page","type-page","status-publish","hentry"],"yoast_head":"<!-- This site is optimized with the Yoast SEO plugin v27.4 - https:\/\/yoast.com\/product\/yoast-seo-wordpress\/ -->\n<title>Dyrekcja szko\u0142y - Szko\u0142a Podstawowa im. Marii Konopnickiej w Garbowie<\/title>\n<meta name=\"robots\" content=\"index, follow, max-snippet:-1, max-image-preview:large, max-video-preview:-1\" \/>\n<link rel=\"canonical\" href=\"https:\/\/szkola.garbow.pl\/index.php\/dyrekcja-szkoly\/\" \/>\n<meta property=\"og:locale\" content=\"pl_PL\" \/>\n<meta property=\"og:type\" content=\"article\" \/>\n<meta property=\"og:title\" content=\"Dyrekcja szko\u0142y - Szko\u0142a Podstawowa im. Marii Konopnickiej w Garbowie\" \/>\n<meta property=\"og:description\" content=\"DYREKCJA mgr Nina Bartoszcze &#8211; Wyla\u017a DYREKTOR SZKO\u0141Y mgr Lucyna \u017bak WICEDYREKTOR\u00a0 Pani Aldona Gajda SEKRETARKA\u00a0\" \/>\n<meta property=\"og:url\" content=\"https:\/\/szkola.garbow.pl\/index.php\/dyrekcja-szkoly\/\" \/>\n<meta property=\"og:site_name\" content=\"Szko\u0142a Podstawowa im. Marii Konopnickiej w Garbowie\" \/>\n<meta property=\"article:modified_time\" content=\"2021-04-23T09:27:02+00:00\" \/>\n<meta property=\"og:image\" content=\"http:\/\/szkola.garbow.pl\/wp-content\/uploads\/2020\/09\/Nina_Bartoszcze-_Wylaz.jpg\" \/>\n<meta name=\"twitter:card\" content=\"summary_large_image\" \/>\n<meta name=\"twitter:label1\" content=\"Szacowany czas czytania\" \/>\n\t<meta name=\"twitter:data1\" content=\"1 minuta\" \/>\n<script type=\"application\/ld+json\" class=\"yoast-schema-graph\">{\"@context\":\"https:\\\/\\\/schema.org\",\"@graph\":[{\"@type\":\"WebPage\",\"@id\":\"https:\\\/\\\/szkola.garbow.pl\\\/index.php\\\/dyrekcja-szkoly\\\/\",\"url\":\"https:\\\/\\\/szkola.garbow.pl\\\/index.php\\\/dyrekcja-szkoly\\\/\",\"name\":\"Dyrekcja szko\u0142y - Szko\u0142a Podstawowa im. Marii Konopnickiej w Garbowie\",\"isPartOf\":{\"@id\":\"https:\\\/\\\/szkola.garbow.pl\\\/#website\"},\"primaryImageOfPage\":{\"@id\":\"https:\\\/\\\/szkola.garbow.pl\\\/index.php\\\/dyrekcja-szkoly\\\/#primaryimage\"},\"image\":{\"@id\":\"https:\\\/\\\/szkola.garbow.pl\\\/index.php\\\/dyrekcja-szkoly\\\/#primaryimage\"},\"thumbnailUrl\":\"http:\\\/\\\/szkola.garbow.pl\\\/wp-content\\\/uploads\\\/2020\\\/09\\\/Nina_Bartoszcze-_Wylaz.jpg\",\"datePublished\":\"2020-09-18T11:20:57+00:00\",\"dateModified\":\"2021-04-23T09:27:02+00:00\",\"breadcrumb\":{\"@id\":\"https:\\\/\\\/szkola.garbow.pl\\\/index.php\\\/dyrekcja-szkoly\\\/#breadcrumb\"},\"inLanguage\":\"pl-PL\",\"potentialAction\":[{\"@type\":\"ReadAction\",\"target\":[\"https:\\\/\\\/szkola.garbow.pl\\\/index.php\\\/dyrekcja-szkoly\\\/\"]}]},{\"@type\":\"ImageObject\",\"inLanguage\":\"pl-PL\",\"@id\":\"https:\\\/\\\/szkola.garbow.pl\\\/index.php\\\/dyrekcja-szkoly\\\/#primaryimage\",\"url\":\"https:\\\/\\\/szkola.garbow.pl\\\/wp-content\\\/uploads\\\/2020\\\/09\\\/Nina_Bartoszcze-_Wylaz.jpg\",\"contentUrl\":\"https:\\\/\\\/szkola.garbow.pl\\\/wp-content\\\/uploads\\\/2020\\\/09\\\/Nina_Bartoszcze-_Wylaz.jpg\",\"width\":286,\"height\":283},{\"@type\":\"BreadcrumbList\",\"@id\":\"https:\\\/\\\/szkola.garbow.pl\\\/index.php\\\/dyrekcja-szkoly\\\/#breadcrumb\",\"itemListElement\":[{\"@type\":\"ListItem\",\"position\":1,\"name\":\"Strona g\u0142\u00f3wna\",\"item\":\"https:\\\/\\\/szkola.garbow.pl\\\/\"},{\"@type\":\"ListItem\",\"position\":2,\"name\":\"Dyrekcja szko\u0142y\"}]},{\"@type\":\"WebSite\",\"@id\":\"https:\\\/\\\/szkola.garbow.pl\\\/#website\",\"url\":\"https:\\\/\\\/szkola.garbow.pl\\\/\",\"name\":\"Szko\u0142a Podstawowa im. Marii Konopnickiej w Garbowie\",\"description\":\"Szko\u0142a Podstawowa im. Marii Konopnickiej w Garbowie\",\"publisher\":{\"@id\":\"https:\\\/\\\/szkola.garbow.pl\\\/#organization\"},\"potentialAction\":[{\"@type\":\"SearchAction\",\"target\":{\"@type\":\"EntryPoint\",\"urlTemplate\":\"https:\\\/\\\/szkola.garbow.pl\\\/?s={search_term_string}\"},\"query-input\":{\"@type\":\"PropertyValueSpecification\",\"valueRequired\":true,\"valueName\":\"search_term_string\"}}],\"inLanguage\":\"pl-PL\"},{\"@type\":\"Organization\",\"@id\":\"https:\\\/\\\/szkola.garbow.pl\\\/#organization\",\"name\":\"Szko\u0142a Podstawowa im. Marii Konopnickiej w Garbowie\",\"url\":\"https:\\\/\\\/szkola.garbow.pl\\\/\",\"logo\":{\"@type\":\"ImageObject\",\"inLanguage\":\"pl-PL\",\"@id\":\"https:\\\/\\\/szkola.garbow.pl\\\/#\\\/schema\\\/logo\\\/image\\\/\",\"url\":\"https:\\\/\\\/szkola.garbow.pl\\\/wp-content\\\/uploads\\\/2020\\\/09\\\/szkola_podstawowa_garbow-1-1.png\",\"contentUrl\":\"https:\\\/\\\/szkola.garbow.pl\\\/wp-content\\\/uploads\\\/2020\\\/09\\\/szkola_podstawowa_garbow-1-1.png\",\"width\":500,\"height\":136,\"caption\":\"Szko\u0142a Podstawowa im. Marii Konopnickiej w Garbowie\"},\"image\":{\"@id\":\"https:\\\/\\\/szkola.garbow.pl\\\/#\\\/schema\\\/logo\\\/image\\\/\"}}]}<\/script>\n<!-- \/ Yoast SEO plugin. -->","yoast_head_json":{"title":"Dyrekcja szko\u0142y - Szko\u0142a Podstawowa im. Marii Konopnickiej w Garbowie","robots":{"index":"index","follow":"follow","max-snippet":"max-snippet:-1","max-image-preview":"max-image-preview:large","max-video-preview":"max-video-preview:-1"},"canonical":"https:\/\/szkola.garbow.pl\/index.php\/dyrekcja-szkoly\/","og_locale":"pl_PL","og_type":"article","og_title":"Dyrekcja szko\u0142y - Szko\u0142a Podstawowa im. Marii Konopnickiej w Garbowie","og_description":"DYREKCJA mgr Nina Bartoszcze &#8211; Wyla\u017a DYREKTOR SZKO\u0141Y mgr Lucyna \u017bak WICEDYREKTOR\u00a0 Pani Aldona Gajda SEKRETARKA\u00a0","og_url":"https:\/\/szkola.garbow.pl\/index.php\/dyrekcja-szkoly\/","og_site_name":"Szko\u0142a Podstawowa im. Marii Konopnickiej w Garbowie","article_modified_time":"2021-04-23T09:27:02+00:00","og_image":[{"url":"http:\/\/szkola.garbow.pl\/wp-content\/uploads\/2020\/09\/Nina_Bartoszcze-_Wylaz.jpg","type":"","width":"","height":""}],"twitter_card":"summary_large_image","twitter_misc":{"Szacowany czas czytania":"1 minuta"},"schema":{"@context":"https:\/\/schema.org","@graph":[{"@type":"WebPage","@id":"https:\/\/szkola.garbow.pl\/index.php\/dyrekcja-szkoly\/","url":"https:\/\/szkola.garbow.pl\/index.php\/dyrekcja-szkoly\/","name":"Dyrekcja szko\u0142y - Szko\u0142a Podstawowa im. Marii Konopnickiej w Garbowie","isPartOf":{"@id":"https:\/\/szkola.garbow.pl\/#website"},"primaryImageOfPage":{"@id":"https:\/\/szkola.garbow.pl\/index.php\/dyrekcja-szkoly\/#primaryimage"},"image":{"@id":"https:\/\/szkola.garbow.pl\/index.php\/dyrekcja-szkoly\/#primaryimage"},"thumbnailUrl":"http:\/\/szkola.garbow.pl\/wp-content\/uploads\/2020\/09\/Nina_Bartoszcze-_Wylaz.jpg","datePublished":"2020-09-18T11:20:57+00:00","dateModified":"2021-04-23T09:27:02+00:00","breadcrumb":{"@id":"https:\/\/szkola.garbow.pl\/index.php\/dyrekcja-szkoly\/#breadcrumb"},"inLanguage":"pl-PL","potentialAction":[{"@type":"ReadAction","target":["https:\/\/szkola.garbow.pl\/index.php\/dyrekcja-szkoly\/"]}]},{"@type":"ImageObject","inLanguage":"pl-PL","@id":"https:\/\/szkola.garbow.pl\/index.php\/dyrekcja-szkoly\/#primaryimage","url":"https:\/\/szkola.garbow.pl\/wp-content\/uploads\/2020\/09\/Nina_Bartoszcze-_Wylaz.jpg","contentUrl":"https:\/\/szkola.garbow.pl\/wp-content\/uploads\/2020\/09\/Nina_Bartoszcze-_Wylaz.jpg","width":286,"height":283},{"@type":"BreadcrumbList","@id":"https:\/\/szkola.garbow.pl\/index.php\/dyrekcja-szkoly\/#breadcrumb","itemListElement":[{"@type":"ListItem","position":1,"name":"Strona g\u0142\u00f3wna","item":"https:\/\/szkola.garbow.pl\/"},{"@type":"ListItem","position":2,"name":"Dyrekcja szko\u0142y"}]},{"@type":"WebSite","@id":"https:\/\/szkola.garbow.pl\/#website","url":"https:\/\/szkola.garbow.pl\/","name":"Szko\u0142a Podstawowa im. Marii Konopnickiej w Garbowie","description":"Szko\u0142a Podstawowa im. Marii Konopnickiej w Garbowie","publisher":{"@id":"https:\/\/szkola.garbow.pl\/#organization"},"potentialAction":[{"@type":"SearchAction","target":{"@type":"EntryPoint","urlTemplate":"https:\/\/szkola.garbow.pl\/?s={search_term_string}"},"query-input":{"@type":"PropertyValueSpecification","valueRequired":true,"valueName":"search_term_string"}}],"inLanguage":"pl-PL"},{"@type":"Organization","@id":"https:\/\/szkola.garbow.pl\/#organization","name":"Szko\u0142a Podstawowa im. Marii Konopnickiej w Garbowie","url":"https:\/\/szkola.garbow.pl\/","logo":{"@type":"ImageObject","inLanguage":"pl-PL","@id":"https:\/\/szkola.garbow.pl\/#\/schema\/logo\/image\/","url":"https:\/\/szkola.garbow.pl\/wp-content\/uploads\/2020\/09\/szkola_podstawowa_garbow-1-1.png","contentUrl":"https:\/\/szkola.garbow.pl\/wp-content\/uploads\/2020\/09\/szkola_podstawowa_garbow-1-1.png","width":500,"height":136,"caption":"Szko\u0142a Podstawowa im. Marii Konopnickiej w Garbowie"},"image":{"@id":"https:\/\/szkola.garbow.pl\/#\/schema\/logo\/image\/"}}]}},"_links":{"self":[{"href":"https:\/\/szkola.garbow.pl\/index.php\/wp-json\/wp\/v2\/pages\/32","targetHints":{"allow":["GET"]}}],"collection":[{"href":"https:\/\/szkola.garbow.pl\/index.php\/wp-json\/wp\/v2\/pages"}],"about":[{"href":"https:\/\/szkola.garbow.pl\/index.php\/wp-json\/wp\/v2\/types\/page"}],"author":[{"embeddable":true,"href":"https:\/\/szkola.garbow.pl\/index.php\/wp-json\/wp\/v2\/users\/2"}],"replies":[{"embeddable":true,"href":"https:\/\/szkola.garbow.pl\/index.php\/wp-json\/wp\/v2\/comments?post=32"}],"version-history":[{"count":17,"href":"https:\/\/szkola.garbow.pl\/index.php\/wp-json\/wp\/v2\/pages\/32\/revisions"}],"predecessor-version":[{"id":4332,"href":"https:\/\/szkola.garbow.pl\/index.php\/wp-json\/wp\/v2\/pages\/32\/revisions\/4332"}],"wp:attachment":[{"href":"https:\/\/szkola.garbow.pl\/index.php\/wp-json\/wp\/v2\/media?parent=32"}],"curies":[{"name":"wp","href":"https:\/\/api.w.org\/{rel}","templated":true}]}}