{"id":150,"date":"2020-09-22T13:04:28","date_gmt":"2020-09-22T11:04:28","guid":{"rendered":"http:\/\/serwer1690480.home.pl\/garbow\/?page_id=150"},"modified":"2020-10-21T09:04:29","modified_gmt":"2020-10-21T07:04:29","slug":"aktualnosci-dla-rodzicow","status":"publish","type":"page","link":"https:\/\/szkola.garbow.pl\/index.php\/aktualnosci-dla-rodzicow\/","title":{"rendered":"Aktualno\u015bci &#8211; dla rodzic\u00f3w"},"content":{"rendered":"\t\t<div data-elementor-type=\"wp-page\" data-elementor-id=\"150\" class=\"elementor elementor-150\">\n\t\t\t\t\t\t<section class=\"elementor-section elementor-top-section elementor-element elementor-element-106716e1 elementor-section-boxed elementor-section-height-default elementor-section-height-default\" data-id=\"106716e1\" data-element_type=\"section\" data-e-type=\"section\" data-settings=\"{&quot;background_background&quot;:&quot;classic&quot;}\">\n\t\t\t\t\t\t<div class=\"elementor-container elementor-column-gap-default\">\n\t\t\t\t\t<div class=\"elementor-column elementor-col-100 elementor-top-column elementor-element elementor-element-21d4575c\" data-id=\"21d4575c\" data-element_type=\"column\" data-e-type=\"column\">\n\t\t\t<div class=\"elementor-widget-wrap elementor-element-populated\">\n\t\t\t\t\t\t<div class=\"elementor-element elementor-element-56cb620b elementor-widget elementor-widget-text-editor\" data-id=\"56cb620b\" data-element_type=\"widget\" data-e-type=\"widget\" data-widget_type=\"text-editor.default\">\n\t\t\t\t<div class=\"elementor-widget-container\">\n\t\t\t\t\t\t\t\t\t<p style=\"text-align: center;\">DLA RODZIC\u00d3W<\/p>\t\t\t\t\t\t\t\t<\/div>\n\t\t\t\t<\/div>\n\t\t\t\t\t<\/div>\n\t\t<\/div>\n\t\t\t\t\t<\/div>\n\t\t<\/section>\n\t\t\t\t<section class=\"elementor-section elementor-top-section elementor-element elementor-element-7b06c770 elementor-section-boxed elementor-section-height-default elementor-section-height-default\" data-id=\"7b06c770\" data-element_type=\"section\" data-e-type=\"section\">\n\t\t\t\t\t\t<div class=\"elementor-container elementor-column-gap-default\">\n\t\t\t\t\t<div class=\"elementor-column elementor-col-100 elementor-top-column elementor-element elementor-element-6841fbf5\" data-id=\"6841fbf5\" data-element_type=\"column\" data-e-type=\"column\">\n\t\t\t<div class=\"elementor-widget-wrap elementor-element-populated\">\n\t\t\t\t\t\t<div class=\"elementor-element elementor-element-1df1afb8 elementor-grid-eael-col-3 elementor-grid-tablet-eael-col-2 elementor-grid-mobile-eael-col-1 elementor-widget elementor-widget-eael-post-grid\" data-id=\"1df1afb8\" data-element_type=\"widget\" data-e-type=\"widget\" data-settings=\"{&quot;eael_post_grid_columns&quot;:&quot;eael-col-3&quot;,&quot;eael_post_grid_columns_tablet&quot;:&quot;eael-col-2&quot;,&quot;eael_post_grid_columns_mobile&quot;:&quot;eael-col-1&quot;}\" data-widget_type=\"eael-post-grid.default\">\n\t\t\t\t<div class=\"elementor-widget-container\">\n\t\t\t\t\t<div id=\"eael-post-grid-1df1afb8\" class=\"eael-post-grid-container\">\n            <div class=\"eael-post-grid eael-post-appender eael-post-appender-1df1afb8 eael-post-grid-style-two\" data-layout-mode=\"grid\"><article class=\"eael-grid-post  eael-post-grid-column eael-pg-post-19353 category-2025-aktualnosci-dla-rodzicow\" data-id=\"19353\">\n    <div class=\"eael-grid-post-holder\">\n        <div class=\"eael-grid-post-holder-inner\"><div class=\"eael-entry-wrapper\"><header class=\"eael-entry-header\"><h2 class=\"eael-entry-title\"><a class=\"eael-grid-post-link\" href=\"https:\/\/szkola.garbow.pl\/index.php\/2025\/10\/30\/regulamin-korzystania-ze-stolowki-szkolnej\/\" title=\"Regulamin korzystania ze sto\u0142\u00f3wki szkolnej\">Regulamin korzystania ze sto\u0142\u00f3wki szkolnej<\/a><\/h2><\/header><div class=\"eael-entry-header-after style-two\"><div class=\"eael-entry-meta\"><span class=\"eael-posted-on eael-meta-posted-on\"><i class=\"far fa-clock\"><\/i><time datetime=\"30 pa\u017adziernika 2025\">30 pa\u017adziernika 2025<\/time><\/span><\/div><\/div><div class=\"eael-entry-content\">\n                                <div class=\"eael-grid-post-excerpt\"><p><\/p><a href=\"https:\/\/szkola.garbow.pl\/index.php\/2025\/10\/30\/regulamin-korzystania-ze-stolowki-szkolnej\/\" class=\"eael-post-elements-readmore-btn\">Wi\u0119cej...<\/a><\/div>\n                            <\/div><\/div><\/div>\n    <\/div>\n<\/article><article class=\"eael-grid-post  eael-post-grid-column eael-pg-post-18969 category-2025-aktualnosci-aktualnosci-dla-rodzicow\" data-id=\"18969\">\n    <div class=\"eael-grid-post-holder\">\n        <div class=\"eael-grid-post-holder-inner\"><div class=\"eael-entry-media\"><div class=\"eael-entry-overlay zoom-in\"><i class=\"fas fa-long-arrow-alt-right\" aria-hidden=\"true\"><\/i><a href=\"https:\/\/szkola.garbow.pl\/index.php\/2025\/09\/29\/ogolnopolski-dzien-glosnego-czytania-w-grupie-6-latkow\/\"><\/a><\/div><div class=\"eael-entry-thumbnail \">\n                            <img fetchpriority=\"high\" decoding=\"async\" width=\"400\" height=\"400\" src=\"https:\/\/szkola.garbow.pl\/wp-content\/uploads\/2025\/09\/20250929_082951-400x400.jpg\" class=\"attachment-thumbnail size-thumbnail wp-image-18973\" alt=\"\" \/>\n                            <\/div>\n                    <\/div><div class=\"eael-entry-wrapper\"><header class=\"eael-entry-header\"><h2 class=\"eael-entry-title\"><a class=\"eael-grid-post-link\" href=\"https:\/\/szkola.garbow.pl\/index.php\/2025\/09\/29\/ogolnopolski-dzien-glosnego-czytania-w-grupie-6-latkow\/\" title=\"Og\u00f3lnopolski Dzie\u0144 G\u0142o\u015bnego Czytania w grupie 6-latk\u00f3w.\">Og\u00f3lnopolski Dzie\u0144 G\u0142o\u015bnego Czytania w grupie 6-latk\u00f3w.<\/a><\/h2><\/header><div class=\"eael-entry-header-after style-two\"><div class=\"eael-entry-meta\"><span class=\"eael-posted-on eael-meta-posted-on\"><i class=\"far fa-clock\"><\/i><time datetime=\"29 wrze\u015bnia 2025\">29 wrze\u015bnia 2025<\/time><\/span><\/div><\/div><div class=\"eael-entry-content\">\n                                <div class=\"eael-grid-post-excerpt\"><p>Dzi\u015b nasza grupa \u015bwi\u0119towa\u0142a Og\u00f3lnopolski Dzie\u0144 G\u0142o\u015bnego Czytania. Odwiedzi\u0142a nas mama jednego z przedszkolak\u00f3w, aby spedzic...<\/p><a href=\"https:\/\/szkola.garbow.pl\/index.php\/2025\/09\/29\/ogolnopolski-dzien-glosnego-czytania-w-grupie-6-latkow\/\" class=\"eael-post-elements-readmore-btn\">Wi\u0119cej...<\/a><\/div>\n                            <\/div><\/div><\/div>\n    <\/div>\n<\/article><article class=\"eael-grid-post  eael-post-grid-column eael-pg-post-18939 category-2025-aktualnosci-aktualnosci-dla-rodzicow\" data-id=\"18939\">\n    <div class=\"eael-grid-post-holder\">\n        <div class=\"eael-grid-post-holder-inner\"><div class=\"eael-entry-media\"><div class=\"eael-entry-overlay zoom-in\"><i class=\"fas fa-long-arrow-alt-right\" aria-hidden=\"true\"><\/i><a href=\"https:\/\/szkola.garbow.pl\/index.php\/2025\/09\/26\/dzien-jablka-2\/\"><\/a><\/div><div class=\"eael-entry-thumbnail \">\n                            <img decoding=\"async\" width=\"400\" height=\"400\" src=\"https:\/\/szkola.garbow.pl\/wp-content\/uploads\/2025\/09\/jablko1213810-400x400.jpg\" class=\"attachment-thumbnail size-thumbnail wp-image-18966\" alt=\"\" \/>\n                            <\/div>\n                    <\/div><div class=\"eael-entry-wrapper\"><header class=\"eael-entry-header\"><h2 class=\"eael-entry-title\"><a class=\"eael-grid-post-link\" href=\"https:\/\/szkola.garbow.pl\/index.php\/2025\/09\/26\/dzien-jablka-2\/\" title=\"Dzie\u0144 Jab\u0142ka\">Dzie\u0144 Jab\u0142ka<\/a><\/h2><\/header><div class=\"eael-entry-header-after style-two\"><div class=\"eael-entry-meta\"><span class=\"eael-posted-on eael-meta-posted-on\"><i class=\"far fa-clock\"><\/i><time datetime=\"26 wrze\u015bnia 2025\">26 wrze\u015bnia 2025<\/time><\/span><\/div><\/div><div class=\"eael-entry-content\">\n                                <div class=\"eael-grid-post-excerpt\"><p>Dzi\u015b w przedszkolu obchodzili\u015bmy Dzie\u0144 Jab\u0142ka \u2013 pe\u0142en rado\u015bci, zabawy i zdrowych smak\u00f3w. Dzieci uczestniczy\u0142y w...<\/p><a href=\"https:\/\/szkola.garbow.pl\/index.php\/2025\/09\/26\/dzien-jablka-2\/\" class=\"eael-post-elements-readmore-btn\">Wi\u0119cej...<\/a><\/div>\n                            <\/div><\/div><\/div>\n    <\/div>\n<\/article><article class=\"eael-grid-post  eael-post-grid-column eael-pg-post-18883 category-2025-aktualnosci-dla-rodzicow-oddzial-przedszkolny\" data-id=\"18883\">\n    <div class=\"eael-grid-post-holder\">\n        <div class=\"eael-grid-post-holder-inner\"><div class=\"eael-entry-media\"><div class=\"eael-entry-overlay zoom-in\"><i class=\"fas fa-long-arrow-alt-right\" aria-hidden=\"true\"><\/i><a href=\"https:\/\/szkola.garbow.pl\/index.php\/2025\/09\/19\/miedzynarodowy-dzien-przedszkolaka\/\"><\/a><\/div><div class=\"eael-entry-thumbnail \">\n                            <img decoding=\"async\" width=\"400\" height=\"400\" src=\"https:\/\/szkola.garbow.pl\/wp-content\/uploads\/2025\/09\/20250919_081929-400x400.jpg\" class=\"attachment-thumbnail size-thumbnail wp-image-18884\" alt=\"\" \/>\n                            <\/div>\n                    <\/div><div class=\"eael-entry-wrapper\"><header class=\"eael-entry-header\"><h2 class=\"eael-entry-title\"><a class=\"eael-grid-post-link\" href=\"https:\/\/szkola.garbow.pl\/index.php\/2025\/09\/19\/miedzynarodowy-dzien-przedszkolaka\/\" title=\"Mi\u0119dzynarodowy Dzie\u0144 Przedszkolaka.\">Mi\u0119dzynarodowy Dzie\u0144 Przedszkolaka.<\/a><\/h2><\/header><div class=\"eael-entry-header-after style-two\"><div class=\"eael-entry-meta\"><span class=\"eael-posted-on eael-meta-posted-on\"><i class=\"far fa-clock\"><\/i><time datetime=\"19 wrze\u015bnia 2025\">19 wrze\u015bnia 2025<\/time><\/span><\/div><\/div><div class=\"eael-entry-content\">\n                                <div class=\"eael-grid-post-excerpt\"><p>Dzi\u015b \u015bwi\u0119towali\u015bmy wyj\u0105tkowy dzie\u0144 \u2013 Mi\u0119dzynarodowy Dzie\u0144 Przedszkolaka. By\u0142o du\u017co u\u015bmiechu, dobrej zabawy i niespodzianek.Wsp\u00f3lnie bawili\u015bmy...<\/p><a href=\"https:\/\/szkola.garbow.pl\/index.php\/2025\/09\/19\/miedzynarodowy-dzien-przedszkolaka\/\" class=\"eael-post-elements-readmore-btn\">Wi\u0119cej...<\/a><\/div>\n                            <\/div><\/div><\/div>\n    <\/div>\n<\/article><article class=\"eael-grid-post  eael-post-grid-column eael-pg-post-18829 category-2025-aktualnosci-dla-rodzicow\" data-id=\"18829\">\n    <div class=\"eael-grid-post-holder\">\n        <div class=\"eael-grid-post-holder-inner\"><div class=\"eael-entry-media\"><div class=\"eael-entry-overlay zoom-in\"><i class=\"fas fa-long-arrow-alt-right\" aria-hidden=\"true\"><\/i><a href=\"https:\/\/szkola.garbow.pl\/index.php\/2025\/09\/15\/miedzynarodowy-dzien-kropki-w-przedszkolu\/\"><\/a><\/div><div class=\"eael-entry-thumbnail \">\n                            <img loading=\"lazy\" decoding=\"async\" width=\"400\" height=\"400\" src=\"https:\/\/szkola.garbow.pl\/wp-content\/uploads\/2025\/09\/Messenger_creation_488570334351757-400x400.jpeg\" class=\"attachment-thumbnail size-thumbnail wp-image-18834\" alt=\"\" \/>\n                            <\/div>\n                    <\/div><div class=\"eael-entry-wrapper\"><header class=\"eael-entry-header\"><h2 class=\"eael-entry-title\"><a class=\"eael-grid-post-link\" href=\"https:\/\/szkola.garbow.pl\/index.php\/2025\/09\/15\/miedzynarodowy-dzien-kropki-w-przedszkolu\/\" title=\"Miedzynarodowy Dzie\u0144 Kropki w przedszkolu.\">Miedzynarodowy Dzie\u0144 Kropki w przedszkolu.<\/a><\/h2><\/header><div class=\"eael-entry-header-after style-two\"><div class=\"eael-entry-meta\"><span class=\"eael-posted-on eael-meta-posted-on\"><i class=\"far fa-clock\"><\/i><time datetime=\"15 wrze\u015bnia 2025\">15 wrze\u015bnia 2025<\/time><\/span><\/div><\/div><div class=\"eael-entry-content\">\n                                <div class=\"eael-grid-post-excerpt\"><p>15 wrze\u015bnia obchodzili\u015bmy wyj\u0105tkowe \u015bwi\u0119to \u2013 Mi\u0119dzynarodowy Dzie\u0144 Kropki. To dzie\u0144 kreatywno\u015bci, odwagi i wiary w...<\/p><a href=\"https:\/\/szkola.garbow.pl\/index.php\/2025\/09\/15\/miedzynarodowy-dzien-kropki-w-przedszkolu\/\" class=\"eael-post-elements-readmore-btn\">Wi\u0119cej...<\/a><\/div>\n                            <\/div><\/div><\/div>\n    <\/div>\n<\/article><article class=\"eael-grid-post  eael-post-grid-column eael-pg-post-18798 category-2025-aktualnosci-dla-rodzicow-oddzial-przedszkolny\" data-id=\"18798\">\n    <div class=\"eael-grid-post-holder\">\n        <div class=\"eael-grid-post-holder-inner\"><div class=\"eael-entry-media\"><div class=\"eael-entry-overlay zoom-in\"><i class=\"fas fa-long-arrow-alt-right\" aria-hidden=\"true\"><\/i><a href=\"https:\/\/szkola.garbow.pl\/index.php\/2025\/09\/12\/dzien-kodowania-w-grupie-6-latkow\/\"><\/a><\/div><div class=\"eael-entry-thumbnail \">\n                            <img loading=\"lazy\" decoding=\"async\" width=\"400\" height=\"400\" src=\"https:\/\/szkola.garbow.pl\/wp-content\/uploads\/2025\/09\/20250912_082220-400x400.jpg\" class=\"attachment-thumbnail size-thumbnail wp-image-18797\" alt=\"\" \/>\n                            <\/div>\n                    <\/div><div class=\"eael-entry-wrapper\"><header class=\"eael-entry-header\"><h2 class=\"eael-entry-title\"><a class=\"eael-grid-post-link\" href=\"https:\/\/szkola.garbow.pl\/index.php\/2025\/09\/12\/dzien-kodowania-w-grupie-6-latkow\/\" title=\"Dzie\u0144 kodowania w grupie 6-latk\u00f3w.\">Dzie\u0144 kodowania w grupie 6-latk\u00f3w.<\/a><\/h2><\/header><div class=\"eael-entry-header-after style-two\"><div class=\"eael-entry-meta\"><span class=\"eael-posted-on eael-meta-posted-on\"><i class=\"far fa-clock\"><\/i><time datetime=\"12 wrze\u015bnia 2025\">12 wrze\u015bnia 2025<\/time><\/span><\/div><\/div><div class=\"eael-entry-content\">\n                                <div class=\"eael-grid-post-excerpt\"><p>W ramach projektu edukacyjnego \u201eKreatywne dni nietypowe\u201d w naszej grupie odby\u0142 si\u0119 Dzie\u0144 Kodowania. By\u0142a to...<\/p><a href=\"https:\/\/szkola.garbow.pl\/index.php\/2025\/09\/12\/dzien-kodowania-w-grupie-6-latkow\/\" class=\"eael-post-elements-readmore-btn\">Wi\u0119cej...<\/a><\/div>\n                            <\/div><\/div><\/div>\n    <\/div>\n<\/article><article class=\"eael-grid-post  eael-post-grid-column eael-pg-post-18781 category-2025-aktualnosci-dla-rodzicow-aktualnosci-dla-ucznia\" data-id=\"18781\">\n    <div class=\"eael-grid-post-holder\">\n        <div class=\"eael-grid-post-holder-inner\"><div class=\"eael-entry-media\"><div class=\"eael-entry-overlay zoom-in\"><i class=\"fas fa-long-arrow-alt-right\" aria-hidden=\"true\"><\/i><a href=\"https:\/\/szkola.garbow.pl\/index.php\/2025\/09\/01\/standardy-ochrony-maloletnich\/\"><\/a><\/div><div class=\"eael-entry-thumbnail \">\n                            <img loading=\"lazy\" decoding=\"async\" width=\"400\" height=\"400\" src=\"https:\/\/szkola.garbow.pl\/wp-content\/uploads\/2025\/09\/Bez-tytulu-3-400x400.png\" class=\"attachment-thumbnail size-thumbnail wp-image-18786\" alt=\"\" \/>\n                            <\/div>\n                    <\/div><div class=\"eael-entry-wrapper\"><header class=\"eael-entry-header\"><h2 class=\"eael-entry-title\"><a class=\"eael-grid-post-link\" href=\"https:\/\/szkola.garbow.pl\/index.php\/2025\/09\/01\/standardy-ochrony-maloletnich\/\" title=\"STANDARDY OCHRONY MA\u0141OLETNICH\">STANDARDY OCHRONY MA\u0141OLETNICH<\/a><\/h2><\/header><div class=\"eael-entry-header-after style-two\"><div class=\"eael-entry-meta\"><span class=\"eael-posted-on eael-meta-posted-on\"><i class=\"far fa-clock\"><\/i><time datetime=\"1 wrze\u015bnia 2025\">1 wrze\u015bnia 2025<\/time><\/span><\/div><\/div><div class=\"eael-entry-content\">\n                                <div class=\"eael-grid-post-excerpt\"><p>STANDARDY OCHRONY MA\u0141OLETNICHPobierz<\/p><a href=\"https:\/\/szkola.garbow.pl\/index.php\/2025\/09\/01\/standardy-ochrony-maloletnich\/\" class=\"eael-post-elements-readmore-btn\">Wi\u0119cej...<\/a><\/div>\n                            <\/div><\/div><\/div>\n    <\/div>\n<\/article><article class=\"eael-grid-post  eael-post-grid-column eael-pg-post-18372 category-2025-aktualnosci-aktualnosci-dla-rodzicow\" data-id=\"18372\">\n    <div class=\"eael-grid-post-holder\">\n        <div class=\"eael-grid-post-holder-inner\"><div class=\"eael-entry-media\"><div class=\"eael-entry-overlay zoom-in\"><i class=\"fas fa-long-arrow-alt-right\" aria-hidden=\"true\"><\/i><a href=\"https:\/\/szkola.garbow.pl\/index.php\/2025\/06\/11\/koci-bal-maskowy-w-grupie-biedronek\/\"><\/a><\/div><div class=\"eael-entry-thumbnail \">\n                            <img loading=\"lazy\" decoding=\"async\" width=\"400\" height=\"400\" src=\"https:\/\/szkola.garbow.pl\/wp-content\/uploads\/2025\/06\/20250611_081749-400x400.jpg\" class=\"attachment-thumbnail size-thumbnail wp-image-18383\" alt=\"\" \/>\n                            <\/div>\n                    <\/div><div class=\"eael-entry-wrapper\"><header class=\"eael-entry-header\"><h2 class=\"eael-entry-title\"><a class=\"eael-grid-post-link\" href=\"https:\/\/szkola.garbow.pl\/index.php\/2025\/06\/11\/koci-bal-maskowy-w-grupie-biedronek\/\" title=\"Koci Bal Maskowy w grupie Biedronek.\">Koci Bal Maskowy w grupie Biedronek.<\/a><\/h2><\/header><div class=\"eael-entry-header-after style-two\"><div class=\"eael-entry-meta\"><span class=\"eael-posted-on eael-meta-posted-on\"><i class=\"far fa-clock\"><\/i><time datetime=\"11 czerwca 2025\">11 czerwca 2025<\/time><\/span><\/div><\/div><div class=\"eael-entry-content\">\n                                <div class=\"eael-grid-post-excerpt\"><p>Dzi\u015b odby\u0142y si\u0119 kolejne zaj\u0119cia z Projektu &#8221; Wyzwania Kociej Szajki&#8221;. Zapraszamy do obejrzenia galerii zdj\u0119\u0107.<\/p><a href=\"https:\/\/szkola.garbow.pl\/index.php\/2025\/06\/11\/koci-bal-maskowy-w-grupie-biedronek\/\" class=\"eael-post-elements-readmore-btn\">Wi\u0119cej...<\/a><\/div>\n                            <\/div><\/div><\/div>\n    <\/div>\n<\/article><article class=\"eael-grid-post  eael-post-grid-column eael-pg-post-18110 category-2025-aktualnosci-aktualnosci-dla-rodzicow\" data-id=\"18110\">\n    <div class=\"eael-grid-post-holder\">\n        <div class=\"eael-grid-post-holder-inner\"><div class=\"eael-entry-media\"><div class=\"eael-entry-overlay zoom-in\"><i class=\"fas fa-long-arrow-alt-right\" aria-hidden=\"true\"><\/i><a href=\"https:\/\/szkola.garbow.pl\/index.php\/2025\/05\/23\/udzial-w-przegladzie-piosenek-bajkowych-walta-disneya-grupa-4-5-latki\/\"><\/a><\/div><div class=\"eael-entry-thumbnail \">\n                            <img loading=\"lazy\" decoding=\"async\" width=\"400\" height=\"400\" src=\"https:\/\/szkola.garbow.pl\/wp-content\/uploads\/2025\/05\/IMG-20250523-WA0004-400x400.jpg\" class=\"attachment-thumbnail size-thumbnail wp-image-18113\" alt=\"\" \/>\n                            <\/div>\n                    <\/div><div class=\"eael-entry-wrapper\"><header class=\"eael-entry-header\"><h2 class=\"eael-entry-title\"><a class=\"eael-grid-post-link\" href=\"https:\/\/szkola.garbow.pl\/index.php\/2025\/05\/23\/udzial-w-przegladzie-piosenek-bajkowych-walta-disneya-grupa-4-5-latki\/\" title=\"Udzia\u0142 w Przegl\u0105dzie Piosenek Bajkowych Walta Disneya- grupa 4-5 latki\">Udzia\u0142 w Przegl\u0105dzie Piosenek Bajkowych Walta Disneya- grupa 4-5 latki<\/a><\/h2><\/header><div class=\"eael-entry-header-after style-two\"><div class=\"eael-entry-meta\"><span class=\"eael-posted-on eael-meta-posted-on\"><i class=\"far fa-clock\"><\/i><time datetime=\"23 maja 2025\">23 maja 2025<\/time><\/span><\/div><\/div><div class=\"eael-entry-content\">\n                                <div class=\"eael-grid-post-excerpt\"><p>Serdeczne gratulacje dla Kornelii G\u0142owackiej, kt\u00f3ra wzi\u0119\u0142a udzia\u0142 w Przegl\u0105dzie Piosenek Bajkowych Walta Disneya &#8221; Magiczna...<\/p><a href=\"https:\/\/szkola.garbow.pl\/index.php\/2025\/05\/23\/udzial-w-przegladzie-piosenek-bajkowych-walta-disneya-grupa-4-5-latki\/\" class=\"eael-post-elements-readmore-btn\">Wi\u0119cej...<\/a><\/div>\n                            <\/div><\/div><\/div>\n    <\/div>\n<\/article><\/div>\n            <div class=\"clearfix\"><\/div>\n        <\/div>            <div class=\"eael-load-more-button-wrap\">\n                <button class=\"eael-load-more-button\" id=\"eael-load-more-btn-1df1afb8\" data-widget-id=\"1df1afb8\" data-widget=\"1df1afb8\" data-page-id=\"150\" data-template=\"{&quot;dir&quot;:&quot;lite&quot;,&quot;file_name&quot;:&quot;two.php&quot;,&quot;name&quot;:&quot;Post-Grid&quot;}\" data-class=\"Essential_Addons_Elementor\\Elements\\Post_Grid\" data-layout=\"grid\" data-page=\"1\" data-args=\"orderby=date&amp;order=desc&amp;ignore_sticky_posts=1&amp;post_status=publish&amp;posts_per_page=9&amp;offset=0&amp;post_type=post&amp;tax_query%5B0%5D%5Btaxonomy%5D=category&amp;tax_query%5B0%5D%5Bfield%5D=term_id&amp;tax_query%5B0%5D%5Bterms%5D%5B0%5D=8&amp;tax_query%5Brelation%5D=AND\" data-max-page=\"7\">\n                    <span class=\"eael-btn-loader button__loader\"><\/span>\n                    <span class=\"eael_load_more_text\">Wczytaj wi\u0119cej...<\/span>\n                <\/button>\n            <\/div>\n            \t\t\t\t<\/div>\n\t\t\t\t<\/div>\n\t\t\t\t\t<\/div>\n\t\t<\/div>\n\t\t\t\t\t<\/div>\n\t\t<\/section>\n\t\t\t\t<\/div>\n\t\t","protected":false},"excerpt":{"rendered":"<p>DLA RODZIC\u00d3W Tydzie\u0144 Misyjny 2020 7 pa\u017adziernika 2020 Informacje od siostry Justyny Tegoroczny Tydzie\u0144 Misyjny, kt\u00f3ry rozpocznie si\u0119 wraz ze \u015awiatowym Dniem Misyjnym 19&#8230; Wi\u0119cej&#8230; Uczniowie klas 4 nad Firlejem 30 wrze\u015bnia 2020 Uczniowie klas 4a i 4b wykorzystali ostatni dzie\u0144 pi\u0119knej, s\u0142onecznej pogody i \u015bwietnie bawili si\u0119 na&#8230; Wi\u0119cej&#8230; &hellip;<\/p>\n","protected":false},"author":2,"featured_media":0,"parent":0,"menu_order":0,"comment_status":"closed","ping_status":"closed","template":"","meta":{"footnotes":""},"class_list":["post-150","page","type-page","status-publish","hentry"],"yoast_head":"<!-- This site is optimized with the Yoast SEO plugin v27.4 - https:\/\/yoast.com\/product\/yoast-seo-wordpress\/ -->\n<title>Aktualno\u015bci - dla rodzic\u00f3w - Szko\u0142a Podstawowa im. Marii Konopnickiej w Garbowie<\/title>\n<meta name=\"robots\" content=\"index, follow, max-snippet:-1, max-image-preview:large, max-video-preview:-1\" \/>\n<link rel=\"canonical\" href=\"https:\/\/szkola.garbow.pl\/index.php\/aktualnosci-dla-rodzicow\/\" \/>\n<meta property=\"og:locale\" content=\"pl_PL\" \/>\n<meta property=\"og:type\" content=\"article\" \/>\n<meta property=\"og:title\" content=\"Aktualno\u015bci - dla rodzic\u00f3w - Szko\u0142a Podstawowa im. Marii Konopnickiej w Garbowie\" \/>\n<meta property=\"og:description\" content=\"DLA RODZIC\u00d3W Tydzie\u0144 Misyjny 2020 7 pa\u017adziernika 2020 Informacje od siostry Justyny Tegoroczny Tydzie\u0144 Misyjny, kt\u00f3ry rozpocznie si\u0119 wraz ze \u015awiatowym Dniem Misyjnym 19&#8230; Wi\u0119cej&#8230; Uczniowie klas 4 nad Firlejem 30 wrze\u015bnia 2020 Uczniowie klas 4a i 4b wykorzystali ostatni dzie\u0144 pi\u0119knej, s\u0142onecznej pogody i \u015bwietnie bawili si\u0119 na&#8230; Wi\u0119cej&#8230; &hellip;\" \/>\n<meta property=\"og:url\" content=\"https:\/\/szkola.garbow.pl\/index.php\/aktualnosci-dla-rodzicow\/\" \/>\n<meta property=\"og:site_name\" content=\"Szko\u0142a Podstawowa im. Marii Konopnickiej w Garbowie\" \/>\n<meta property=\"article:modified_time\" content=\"2020-10-21T07:04:29+00:00\" \/>\n<meta property=\"og:image\" content=\"http:\/\/serwer1690480.home.pl\/garbow\/wp-content\/uploads\/2020\/10\/szkola_garbow-150x150.jpg\" \/>\n<meta name=\"twitter:card\" content=\"summary_large_image\" \/>\n<meta name=\"twitter:label1\" content=\"Szacowany czas czytania\" \/>\n\t<meta name=\"twitter:data1\" content=\"1 minuta\" \/>\n<script type=\"application\/ld+json\" class=\"yoast-schema-graph\">{\"@context\":\"https:\\\/\\\/schema.org\",\"@graph\":[{\"@type\":\"WebPage\",\"@id\":\"https:\\\/\\\/szkola.garbow.pl\\\/index.php\\\/aktualnosci-dla-rodzicow\\\/\",\"url\":\"https:\\\/\\\/szkola.garbow.pl\\\/index.php\\\/aktualnosci-dla-rodzicow\\\/\",\"name\":\"Aktualno\u015bci - dla rodzic\u00f3w - Szko\u0142a Podstawowa im. Marii Konopnickiej w Garbowie\",\"isPartOf\":{\"@id\":\"https:\\\/\\\/szkola.garbow.pl\\\/#website\"},\"primaryImageOfPage\":{\"@id\":\"https:\\\/\\\/szkola.garbow.pl\\\/index.php\\\/aktualnosci-dla-rodzicow\\\/#primaryimage\"},\"image\":{\"@id\":\"https:\\\/\\\/szkola.garbow.pl\\\/index.php\\\/aktualnosci-dla-rodzicow\\\/#primaryimage\"},\"thumbnailUrl\":\"http:\\\/\\\/serwer1690480.home.pl\\\/garbow\\\/wp-content\\\/uploads\\\/2020\\\/10\\\/szkola_garbow-150x150.jpg\",\"datePublished\":\"2020-09-22T11:04:28+00:00\",\"dateModified\":\"2020-10-21T07:04:29+00:00\",\"breadcrumb\":{\"@id\":\"https:\\\/\\\/szkola.garbow.pl\\\/index.php\\\/aktualnosci-dla-rodzicow\\\/#breadcrumb\"},\"inLanguage\":\"pl-PL\",\"potentialAction\":[{\"@type\":\"ReadAction\",\"target\":[\"https:\\\/\\\/szkola.garbow.pl\\\/index.php\\\/aktualnosci-dla-rodzicow\\\/\"]}]},{\"@type\":\"ImageObject\",\"inLanguage\":\"pl-PL\",\"@id\":\"https:\\\/\\\/szkola.garbow.pl\\\/index.php\\\/aktualnosci-dla-rodzicow\\\/#primaryimage\",\"url\":\"http:\\\/\\\/serwer1690480.home.pl\\\/garbow\\\/wp-content\\\/uploads\\\/2020\\\/10\\\/szkola_garbow-150x150.jpg\",\"contentUrl\":\"http:\\\/\\\/serwer1690480.home.pl\\\/garbow\\\/wp-content\\\/uploads\\\/2020\\\/10\\\/szkola_garbow-150x150.jpg\"},{\"@type\":\"BreadcrumbList\",\"@id\":\"https:\\\/\\\/szkola.garbow.pl\\\/index.php\\\/aktualnosci-dla-rodzicow\\\/#breadcrumb\",\"itemListElement\":[{\"@type\":\"ListItem\",\"position\":1,\"name\":\"Strona g\u0142\u00f3wna\",\"item\":\"https:\\\/\\\/szkola.garbow.pl\\\/\"},{\"@type\":\"ListItem\",\"position\":2,\"name\":\"Aktualno\u015bci &#8211; dla rodzic\u00f3w\"}]},{\"@type\":\"WebSite\",\"@id\":\"https:\\\/\\\/szkola.garbow.pl\\\/#website\",\"url\":\"https:\\\/\\\/szkola.garbow.pl\\\/\",\"name\":\"Szko\u0142a Podstawowa im. Marii Konopnickiej w Garbowie\",\"description\":\"Szko\u0142a Podstawowa im. Marii Konopnickiej w Garbowie\",\"publisher\":{\"@id\":\"https:\\\/\\\/szkola.garbow.pl\\\/#organization\"},\"potentialAction\":[{\"@type\":\"SearchAction\",\"target\":{\"@type\":\"EntryPoint\",\"urlTemplate\":\"https:\\\/\\\/szkola.garbow.pl\\\/?s={search_term_string}\"},\"query-input\":{\"@type\":\"PropertyValueSpecification\",\"valueRequired\":true,\"valueName\":\"search_term_string\"}}],\"inLanguage\":\"pl-PL\"},{\"@type\":\"Organization\",\"@id\":\"https:\\\/\\\/szkola.garbow.pl\\\/#organization\",\"name\":\"Szko\u0142a Podstawowa im. Marii Konopnickiej w Garbowie\",\"url\":\"https:\\\/\\\/szkola.garbow.pl\\\/\",\"logo\":{\"@type\":\"ImageObject\",\"inLanguage\":\"pl-PL\",\"@id\":\"https:\\\/\\\/szkola.garbow.pl\\\/#\\\/schema\\\/logo\\\/image\\\/\",\"url\":\"https:\\\/\\\/szkola.garbow.pl\\\/wp-content\\\/uploads\\\/2020\\\/09\\\/szkola_podstawowa_garbow-1-1.png\",\"contentUrl\":\"https:\\\/\\\/szkola.garbow.pl\\\/wp-content\\\/uploads\\\/2020\\\/09\\\/szkola_podstawowa_garbow-1-1.png\",\"width\":500,\"height\":136,\"caption\":\"Szko\u0142a Podstawowa im. Marii Konopnickiej w Garbowie\"},\"image\":{\"@id\":\"https:\\\/\\\/szkola.garbow.pl\\\/#\\\/schema\\\/logo\\\/image\\\/\"}}]}<\/script>\n<!-- \/ Yoast SEO plugin. -->","yoast_head_json":{"title":"Aktualno\u015bci - dla rodzic\u00f3w - Szko\u0142a Podstawowa im. Marii Konopnickiej w Garbowie","robots":{"index":"index","follow":"follow","max-snippet":"max-snippet:-1","max-image-preview":"max-image-preview:large","max-video-preview":"max-video-preview:-1"},"canonical":"https:\/\/szkola.garbow.pl\/index.php\/aktualnosci-dla-rodzicow\/","og_locale":"pl_PL","og_type":"article","og_title":"Aktualno\u015bci - dla rodzic\u00f3w - Szko\u0142a Podstawowa im. Marii Konopnickiej w Garbowie","og_description":"DLA RODZIC\u00d3W Tydzie\u0144 Misyjny 2020 7 pa\u017adziernika 2020 Informacje od siostry Justyny Tegoroczny Tydzie\u0144 Misyjny, kt\u00f3ry rozpocznie si\u0119 wraz ze \u015awiatowym Dniem Misyjnym 19&#8230; Wi\u0119cej&#8230; Uczniowie klas 4 nad Firlejem 30 wrze\u015bnia 2020 Uczniowie klas 4a i 4b wykorzystali ostatni dzie\u0144 pi\u0119knej, s\u0142onecznej pogody i \u015bwietnie bawili si\u0119 na&#8230; Wi\u0119cej&#8230; &hellip;","og_url":"https:\/\/szkola.garbow.pl\/index.php\/aktualnosci-dla-rodzicow\/","og_site_name":"Szko\u0142a Podstawowa im. Marii Konopnickiej w Garbowie","article_modified_time":"2020-10-21T07:04:29+00:00","og_image":[{"url":"http:\/\/serwer1690480.home.pl\/garbow\/wp-content\/uploads\/2020\/10\/szkola_garbow-150x150.jpg","type":"","width":"","height":""}],"twitter_card":"summary_large_image","twitter_misc":{"Szacowany czas czytania":"1 minuta"},"schema":{"@context":"https:\/\/schema.org","@graph":[{"@type":"WebPage","@id":"https:\/\/szkola.garbow.pl\/index.php\/aktualnosci-dla-rodzicow\/","url":"https:\/\/szkola.garbow.pl\/index.php\/aktualnosci-dla-rodzicow\/","name":"Aktualno\u015bci - dla rodzic\u00f3w - Szko\u0142a Podstawowa im. Marii Konopnickiej w Garbowie","isPartOf":{"@id":"https:\/\/szkola.garbow.pl\/#website"},"primaryImageOfPage":{"@id":"https:\/\/szkola.garbow.pl\/index.php\/aktualnosci-dla-rodzicow\/#primaryimage"},"image":{"@id":"https:\/\/szkola.garbow.pl\/index.php\/aktualnosci-dla-rodzicow\/#primaryimage"},"thumbnailUrl":"http:\/\/serwer1690480.home.pl\/garbow\/wp-content\/uploads\/2020\/10\/szkola_garbow-150x150.jpg","datePublished":"2020-09-22T11:04:28+00:00","dateModified":"2020-10-21T07:04:29+00:00","breadcrumb":{"@id":"https:\/\/szkola.garbow.pl\/index.php\/aktualnosci-dla-rodzicow\/#breadcrumb"},"inLanguage":"pl-PL","potentialAction":[{"@type":"ReadAction","target":["https:\/\/szkola.garbow.pl\/index.php\/aktualnosci-dla-rodzicow\/"]}]},{"@type":"ImageObject","inLanguage":"pl-PL","@id":"https:\/\/szkola.garbow.pl\/index.php\/aktualnosci-dla-rodzicow\/#primaryimage","url":"http:\/\/serwer1690480.home.pl\/garbow\/wp-content\/uploads\/2020\/10\/szkola_garbow-150x150.jpg","contentUrl":"http:\/\/serwer1690480.home.pl\/garbow\/wp-content\/uploads\/2020\/10\/szkola_garbow-150x150.jpg"},{"@type":"BreadcrumbList","@id":"https:\/\/szkola.garbow.pl\/index.php\/aktualnosci-dla-rodzicow\/#breadcrumb","itemListElement":[{"@type":"ListItem","position":1,"name":"Strona g\u0142\u00f3wna","item":"https:\/\/szkola.garbow.pl\/"},{"@type":"ListItem","position":2,"name":"Aktualno\u015bci &#8211; dla rodzic\u00f3w"}]},{"@type":"WebSite","@id":"https:\/\/szkola.garbow.pl\/#website","url":"https:\/\/szkola.garbow.pl\/","name":"Szko\u0142a Podstawowa im. Marii Konopnickiej w Garbowie","description":"Szko\u0142a Podstawowa im. Marii Konopnickiej w Garbowie","publisher":{"@id":"https:\/\/szkola.garbow.pl\/#organization"},"potentialAction":[{"@type":"SearchAction","target":{"@type":"EntryPoint","urlTemplate":"https:\/\/szkola.garbow.pl\/?s={search_term_string}"},"query-input":{"@type":"PropertyValueSpecification","valueRequired":true,"valueName":"search_term_string"}}],"inLanguage":"pl-PL"},{"@type":"Organization","@id":"https:\/\/szkola.garbow.pl\/#organization","name":"Szko\u0142a Podstawowa im. Marii Konopnickiej w Garbowie","url":"https:\/\/szkola.garbow.pl\/","logo":{"@type":"ImageObject","inLanguage":"pl-PL","@id":"https:\/\/szkola.garbow.pl\/#\/schema\/logo\/image\/","url":"https:\/\/szkola.garbow.pl\/wp-content\/uploads\/2020\/09\/szkola_podstawowa_garbow-1-1.png","contentUrl":"https:\/\/szkola.garbow.pl\/wp-content\/uploads\/2020\/09\/szkola_podstawowa_garbow-1-1.png","width":500,"height":136,"caption":"Szko\u0142a Podstawowa im. Marii Konopnickiej w Garbowie"},"image":{"@id":"https:\/\/szkola.garbow.pl\/#\/schema\/logo\/image\/"}}]}},"_links":{"self":[{"href":"https:\/\/szkola.garbow.pl\/index.php\/wp-json\/wp\/v2\/pages\/150","targetHints":{"allow":["GET"]}}],"collection":[{"href":"https:\/\/szkola.garbow.pl\/index.php\/wp-json\/wp\/v2\/pages"}],"about":[{"href":"https:\/\/szkola.garbow.pl\/index.php\/wp-json\/wp\/v2\/types\/page"}],"author":[{"embeddable":true,"href":"https:\/\/szkola.garbow.pl\/index.php\/wp-json\/wp\/v2\/users\/2"}],"replies":[{"embeddable":true,"href":"https:\/\/szkola.garbow.pl\/index.php\/wp-json\/wp\/v2\/comments?post=150"}],"version-history":[{"count":4,"href":"https:\/\/szkola.garbow.pl\/index.php\/wp-json\/wp\/v2\/pages\/150\/revisions"}],"predecessor-version":[{"id":3593,"href":"https:\/\/szkola.garbow.pl\/index.php\/wp-json\/wp\/v2\/pages\/150\/revisions\/3593"}],"wp:attachment":[{"href":"https:\/\/szkola.garbow.pl\/index.php\/wp-json\/wp\/v2\/media?parent=150"}],"curies":[{"name":"wp","href":"https:\/\/api.w.org\/{rel}","templated":true}]}}