{"id":14,"date":"2020-09-18T13:18:55","date_gmt":"2020-09-18T11:18:55","guid":{"rendered":"http:\/\/serwer1690480.home.pl\/garbow\/?page_id=14"},"modified":"2020-10-22T19:13:57","modified_gmt":"2020-10-22T17:13:57","slug":"o-szkole","status":"publish","type":"page","link":"https:\/\/szkola.garbow.pl\/index.php\/o-szkole\/","title":{"rendered":"O szkole"},"content":{"rendered":"\t\t<div data-elementor-type=\"wp-page\" data-elementor-id=\"14\" class=\"elementor elementor-14\">\n\t\t\t\t\t\t<section class=\"elementor-section elementor-top-section elementor-element elementor-element-f41c589 elementor-section-content-middle elementor-reverse-mobile o-szkole elementor-section-boxed elementor-section-height-default elementor-section-height-default\" data-id=\"f41c589\" data-element_type=\"section\" data-e-type=\"section\" id=\"o-szkole\">\n\t\t\t\t\t\t<div class=\"elementor-container elementor-column-gap-no\">\n\t\t\t\t\t<div class=\"elementor-column elementor-col-50 elementor-top-column elementor-element elementor-element-47a8fe25\" data-id=\"47a8fe25\" data-element_type=\"column\" data-e-type=\"column\">\n\t\t\t<div class=\"elementor-widget-wrap elementor-element-populated\">\n\t\t\t\t\t\t<div class=\"elementor-element elementor-element-3f2f6819 elementor-widget elementor-widget-text-editor\" data-id=\"3f2f6819\" data-element_type=\"widget\" data-e-type=\"widget\" data-widget_type=\"text-editor.default\">\n\t\t\t\t<div class=\"elementor-widget-container\">\n\t\t\t\t\t\t\t\t\t<p>Pierwsza wzmianka o istnieniu szko\u0142y parafialnej w Garbowie pochodzi z 1529 roku. Dokumenty parafii z ko\u0144ca XVI i pocz\u0105tku XVII wieku r\u00f3wnie\u017c potwierdzaj\u0105 fakt istnienia i dzia\u0142alno\u015bci miejscowej szko\u0142y. Potwierdza to r\u00f3wnie\u017c inwentarz ko\u015bcio\u0142a z 1845 roku. <\/p><p>Pierwsza pr\u00f3ba powo\u0142ania szko\u0142y publicznej mia\u0142a miejsce w 1847 roku, jednak oddanie jej nast\u0105pi\u0142o dopiero w 1860 roku. Na podstawie dokument\u00f3w mo\u017cna stwierdzi\u0107, \u017ce w latach 1895-1901 szko\u0142a w Garbowie by\u0142a szko\u0142\u0105 o trzech oddzia\u0142ach. Zaj\u0119cia w szkole zaczyna\u0142y i ko\u0144czy\u0142y si\u0119 odm\u00f3wieniem modlitwy. W izbach lekcyjnych nauka trwa\u0142a od 8-mej do 19-tej, na trzy zmiany. <\/p>\t\t\t\t\t\t\t\t<\/div>\n\t\t\t\t<\/div>\n\t\t\t\t\t<\/div>\n\t\t<\/div>\n\t\t\t\t<div class=\"elementor-column elementor-col-50 elementor-top-column elementor-element elementor-element-66d0eeec\" data-id=\"66d0eeec\" data-element_type=\"column\" data-e-type=\"column\">\n\t\t\t<div class=\"elementor-widget-wrap elementor-element-populated\">\n\t\t\t\t\t\t<div class=\"elementor-element elementor-element-54760666 elementor-widget elementor-widget-image\" data-id=\"54760666\" data-element_type=\"widget\" data-e-type=\"widget\" data-widget_type=\"image.default\">\n\t\t\t\t<div class=\"elementor-widget-container\">\n\t\t\t\t\t\t\t\t\t\t\t\t\t\t\t<img fetchpriority=\"high\" decoding=\"async\" width=\"550\" height=\"350\" src=\"https:\/\/szkola.garbow.pl\/wp-content\/uploads\/2020\/09\/szkola_garbow-1-550x350.png\" class=\"elementor-animation-grow attachment-anima-featured size-anima-featured wp-image-266\" alt=\"\" \/>\t\t\t\t\t\t\t\t\t\t\t\t\t\t\t<\/div>\n\t\t\t\t<\/div>\n\t\t\t\t<div class=\"elementor-element elementor-element-98e5eb0 elementor-widget elementor-widget-text-editor\" data-id=\"98e5eb0\" data-element_type=\"widget\" data-e-type=\"widget\" data-widget_type=\"text-editor.default\">\n\t\t\t\t<div class=\"elementor-widget-container\">\n\t\t\t\t\t\t\t\t\t<p>Widok na \u201enow\u0105\u201d szko\u0142\u0119 w 1934 roku z ty\u0142u wida\u0107 star\u0105 szko\u0142\u0119<\/p><p>\u00a0<\/p>\t\t\t\t\t\t\t\t<\/div>\n\t\t\t\t<\/div>\n\t\t\t\t\t<\/div>\n\t\t<\/div>\n\t\t\t\t\t<\/div>\n\t\t<\/section>\n\t\t\t\t<section class=\"elementor-section elementor-top-section elementor-element elementor-element-a2fff1f elementor-section-boxed elementor-section-height-default elementor-section-height-default\" data-id=\"a2fff1f\" data-element_type=\"section\" data-e-type=\"section\">\n\t\t\t\t\t\t<div class=\"elementor-container elementor-column-gap-default\">\n\t\t\t\t\t<div class=\"elementor-column elementor-col-100 elementor-top-column elementor-element elementor-element-24edfd6\" data-id=\"24edfd6\" data-element_type=\"column\" data-e-type=\"column\">\n\t\t\t<div class=\"elementor-widget-wrap elementor-element-populated\">\n\t\t\t\t\t\t<div class=\"elementor-element elementor-element-fc2f0b8 elementor-widget elementor-widget-text-editor\" data-id=\"fc2f0b8\" data-element_type=\"widget\" data-e-type=\"widget\" data-widget_type=\"text-editor.default\">\n\t\t\t\t<div class=\"elementor-widget-container\">\n\t\t\t\t\t\t\t\t\t<p>11 listopada 1934 roku odby\u0142a si\u0119 uroczysto\u015b\u0107 przekazania nowego gmachu szkolnego. Radykalnie zmieni\u0142y si\u0119 warunki pracy. 15 czerwca 1934 roku pierwsi w historii szko\u0142y absolwenci klas VII otrzymali \u015bwiadectwa. W czasie wojny budynek szko\u0142y by\u0142 miejscem noclegu um\u0119czonych, g\u0142odnych kobiet, dzieci i starc\u00f3w. Szko\u0142a w tych latach zosta\u0142a ogo\u0142ocona praktycznie ze wszystkiego, zosta\u0142y tylko \u015bciany.<\/p><p>1 wrze\u015bnia 1945r. rozpoczyna si\u0119 pierwszy powojenny rok szkolny. Bez ksi\u0105\u017cek. Klasy s\u0105 prze\u0142adowane. Od rana do wieczora trwaj\u0105 zaj\u0119cia. Wszyscy chc\u0105 zdobywa\u0107 wykszta\u0142cenie. Szko\u0142a t\u0119tni \u017cyciem; rozpoczynaj\u0105 sw\u0105 dzia\u0142alno\u015b\u0107 Harcerze &#8212; zosta\u0142o to wiele razy zauwa\u017cone przez radio, pras\u0119\u2026<\/p><p>Budynek szko\u0142y wymaga\u0142 generalnego remontu. Jednak na popraw\u0119 warunk\u00f3w trzeba by\u0142o czeka\u0107 a\u017c do roku 1971. Szko\u0142a prowadzi\u0142a szerok\u0105 dzia\u0142alno\u015b\u0107 wychowawcz\u0105, dzia\u0142a\u0142o harcerstwo, dru\u017cyna pi\u0142ki no\u017cnej, wielu uczni\u00f3w odnosi\u0142o sukcesy w olimpiadach przedmiotowych.<\/p><p>W dalszych latach dzia\u0142alno\u015bci szko\u0142y mieszka\u0144cy Garbowa zacz\u0119li stara\u0107 si\u0119 o poprawienie warunk\u00f3w do nauki. Dzi\u0119ki ogromnemu zaanga\u017cowaniu wielu os\u00f3b, po wielu latach stara\u0144 i pracy powsta\u0142 nowy budynek szko\u0142y. Uroczyste otwarcie nast\u0105pi\u0142o 20 listopada 1993 roku. Szko\u0142a sta\u0142a si\u0119 wizyt\u00f3wk\u0105 naszej miejscowo\u015bci. Dzisiaj, dzi\u0119ki staraniom wielu os\u00f3b mo\u017cemy pochwali\u0107 si\u0119 sal\u0105 gimnastyczn\u0105, sto\u0142\u00f3wk\u0105,pracowni\u0105 komputerow\u0105.<\/p>\t\t\t\t\t\t\t\t<\/div>\n\t\t\t\t<\/div>\n\t\t\t\t\t<\/div>\n\t\t<\/div>\n\t\t\t\t\t<\/div>\n\t\t<\/section>\n\t\t\t\t<\/div>\n\t\t","protected":false},"excerpt":{"rendered":"<p>Pierwsza wzmianka o istnieniu szko\u0142y parafialnej w Garbowie pochodzi z 1529 roku. Dokumenty parafii z ko\u0144ca XVI i pocz\u0105tku XVII wieku r\u00f3wnie\u017c potwierdzaj\u0105 fakt istnienia i dzia\u0142alno\u015bci miejscowej szko\u0142y. Potwierdza to r\u00f3wnie\u017c inwentarz ko\u015bcio\u0142a z 1845 roku. Pierwsza pr\u00f3ba powo\u0142ania szko\u0142y publicznej mia\u0142a miejsce w 1847 roku, jednak oddanie jej &hellip;<\/p>\n","protected":false},"author":2,"featured_media":0,"parent":0,"menu_order":0,"comment_status":"closed","ping_status":"closed","template":"","meta":{"footnotes":""},"class_list":["post-14","page","type-page","status-publish","hentry"],"yoast_head":"<!-- This site is optimized with the Yoast SEO plugin v27.4 - https:\/\/yoast.com\/product\/yoast-seo-wordpress\/ -->\n<title>O szkole - Szko\u0142a Podstawowa im. Marii Konopnickiej w Garbowie<\/title>\n<meta name=\"robots\" content=\"index, follow, max-snippet:-1, max-image-preview:large, max-video-preview:-1\" \/>\n<link rel=\"canonical\" href=\"https:\/\/szkola.garbow.pl\/index.php\/o-szkole\/\" \/>\n<meta property=\"og:locale\" content=\"pl_PL\" \/>\n<meta property=\"og:type\" content=\"article\" \/>\n<meta property=\"og:title\" content=\"O szkole - Szko\u0142a Podstawowa im. Marii Konopnickiej w Garbowie\" \/>\n<meta property=\"og:description\" content=\"Pierwsza wzmianka o istnieniu szko\u0142y parafialnej w Garbowie pochodzi z 1529 roku. Dokumenty parafii z ko\u0144ca XVI i pocz\u0105tku XVII wieku r\u00f3wnie\u017c potwierdzaj\u0105 fakt istnienia i dzia\u0142alno\u015bci miejscowej szko\u0142y. Potwierdza to r\u00f3wnie\u017c inwentarz ko\u015bcio\u0142a z 1845 roku. Pierwsza pr\u00f3ba powo\u0142ania szko\u0142y publicznej mia\u0142a miejsce w 1847 roku, jednak oddanie jej &hellip;\" \/>\n<meta property=\"og:url\" content=\"https:\/\/szkola.garbow.pl\/index.php\/o-szkole\/\" \/>\n<meta property=\"og:site_name\" content=\"Szko\u0142a Podstawowa im. Marii Konopnickiej w Garbowie\" \/>\n<meta property=\"article:modified_time\" content=\"2020-10-22T17:13:57+00:00\" \/>\n<meta property=\"og:image\" content=\"http:\/\/garbow.home.pl\/spgarbow\/wp-content\/uploads\/2020\/09\/szkola_garbow-1-550x350.png\" \/>\n<meta name=\"twitter:card\" content=\"summary_large_image\" \/>\n<meta name=\"twitter:label1\" content=\"Szacowany czas czytania\" \/>\n\t<meta name=\"twitter:data1\" content=\"2 minuty\" \/>\n<script type=\"application\/ld+json\" class=\"yoast-schema-graph\">{\"@context\":\"https:\\\/\\\/schema.org\",\"@graph\":[{\"@type\":\"WebPage\",\"@id\":\"https:\\\/\\\/szkola.garbow.pl\\\/index.php\\\/o-szkole\\\/\",\"url\":\"https:\\\/\\\/szkola.garbow.pl\\\/index.php\\\/o-szkole\\\/\",\"name\":\"O szkole - Szko\u0142a Podstawowa im. Marii Konopnickiej w Garbowie\",\"isPartOf\":{\"@id\":\"https:\\\/\\\/szkola.garbow.pl\\\/#website\"},\"primaryImageOfPage\":{\"@id\":\"https:\\\/\\\/szkola.garbow.pl\\\/index.php\\\/o-szkole\\\/#primaryimage\"},\"image\":{\"@id\":\"https:\\\/\\\/szkola.garbow.pl\\\/index.php\\\/o-szkole\\\/#primaryimage\"},\"thumbnailUrl\":\"http:\\\/\\\/garbow.home.pl\\\/spgarbow\\\/wp-content\\\/uploads\\\/2020\\\/09\\\/szkola_garbow-1-550x350.png\",\"datePublished\":\"2020-09-18T11:18:55+00:00\",\"dateModified\":\"2020-10-22T17:13:57+00:00\",\"breadcrumb\":{\"@id\":\"https:\\\/\\\/szkola.garbow.pl\\\/index.php\\\/o-szkole\\\/#breadcrumb\"},\"inLanguage\":\"pl-PL\",\"potentialAction\":[{\"@type\":\"ReadAction\",\"target\":[\"https:\\\/\\\/szkola.garbow.pl\\\/index.php\\\/o-szkole\\\/\"]}]},{\"@type\":\"ImageObject\",\"inLanguage\":\"pl-PL\",\"@id\":\"https:\\\/\\\/szkola.garbow.pl\\\/index.php\\\/o-szkole\\\/#primaryimage\",\"url\":\"http:\\\/\\\/garbow.home.pl\\\/spgarbow\\\/wp-content\\\/uploads\\\/2020\\\/09\\\/szkola_garbow-1-550x350.png\",\"contentUrl\":\"http:\\\/\\\/garbow.home.pl\\\/spgarbow\\\/wp-content\\\/uploads\\\/2020\\\/09\\\/szkola_garbow-1-550x350.png\"},{\"@type\":\"BreadcrumbList\",\"@id\":\"https:\\\/\\\/szkola.garbow.pl\\\/index.php\\\/o-szkole\\\/#breadcrumb\",\"itemListElement\":[{\"@type\":\"ListItem\",\"position\":1,\"name\":\"Strona g\u0142\u00f3wna\",\"item\":\"https:\\\/\\\/szkola.garbow.pl\\\/\"},{\"@type\":\"ListItem\",\"position\":2,\"name\":\"O szkole\"}]},{\"@type\":\"WebSite\",\"@id\":\"https:\\\/\\\/szkola.garbow.pl\\\/#website\",\"url\":\"https:\\\/\\\/szkola.garbow.pl\\\/\",\"name\":\"Szko\u0142a Podstawowa im. Marii Konopnickiej w Garbowie\",\"description\":\"Szko\u0142a Podstawowa im. Marii Konopnickiej w Garbowie\",\"publisher\":{\"@id\":\"https:\\\/\\\/szkola.garbow.pl\\\/#organization\"},\"potentialAction\":[{\"@type\":\"SearchAction\",\"target\":{\"@type\":\"EntryPoint\",\"urlTemplate\":\"https:\\\/\\\/szkola.garbow.pl\\\/?s={search_term_string}\"},\"query-input\":{\"@type\":\"PropertyValueSpecification\",\"valueRequired\":true,\"valueName\":\"search_term_string\"}}],\"inLanguage\":\"pl-PL\"},{\"@type\":\"Organization\",\"@id\":\"https:\\\/\\\/szkola.garbow.pl\\\/#organization\",\"name\":\"Szko\u0142a Podstawowa im. Marii Konopnickiej w Garbowie\",\"url\":\"https:\\\/\\\/szkola.garbow.pl\\\/\",\"logo\":{\"@type\":\"ImageObject\",\"inLanguage\":\"pl-PL\",\"@id\":\"https:\\\/\\\/szkola.garbow.pl\\\/#\\\/schema\\\/logo\\\/image\\\/\",\"url\":\"https:\\\/\\\/szkola.garbow.pl\\\/wp-content\\\/uploads\\\/2020\\\/09\\\/szkola_podstawowa_garbow-1-1.png\",\"contentUrl\":\"https:\\\/\\\/szkola.garbow.pl\\\/wp-content\\\/uploads\\\/2020\\\/09\\\/szkola_podstawowa_garbow-1-1.png\",\"width\":500,\"height\":136,\"caption\":\"Szko\u0142a Podstawowa im. Marii Konopnickiej w Garbowie\"},\"image\":{\"@id\":\"https:\\\/\\\/szkola.garbow.pl\\\/#\\\/schema\\\/logo\\\/image\\\/\"}}]}<\/script>\n<!-- \/ Yoast SEO plugin. -->","yoast_head_json":{"title":"O szkole - Szko\u0142a Podstawowa im. Marii Konopnickiej w Garbowie","robots":{"index":"index","follow":"follow","max-snippet":"max-snippet:-1","max-image-preview":"max-image-preview:large","max-video-preview":"max-video-preview:-1"},"canonical":"https:\/\/szkola.garbow.pl\/index.php\/o-szkole\/","og_locale":"pl_PL","og_type":"article","og_title":"O szkole - Szko\u0142a Podstawowa im. Marii Konopnickiej w Garbowie","og_description":"Pierwsza wzmianka o istnieniu szko\u0142y parafialnej w Garbowie pochodzi z 1529 roku. Dokumenty parafii z ko\u0144ca XVI i pocz\u0105tku XVII wieku r\u00f3wnie\u017c potwierdzaj\u0105 fakt istnienia i dzia\u0142alno\u015bci miejscowej szko\u0142y. Potwierdza to r\u00f3wnie\u017c inwentarz ko\u015bcio\u0142a z 1845 roku. Pierwsza pr\u00f3ba powo\u0142ania szko\u0142y publicznej mia\u0142a miejsce w 1847 roku, jednak oddanie jej &hellip;","og_url":"https:\/\/szkola.garbow.pl\/index.php\/o-szkole\/","og_site_name":"Szko\u0142a Podstawowa im. Marii Konopnickiej w Garbowie","article_modified_time":"2020-10-22T17:13:57+00:00","og_image":[{"url":"http:\/\/garbow.home.pl\/spgarbow\/wp-content\/uploads\/2020\/09\/szkola_garbow-1-550x350.png","type":"","width":"","height":""}],"twitter_card":"summary_large_image","twitter_misc":{"Szacowany czas czytania":"2 minuty"},"schema":{"@context":"https:\/\/schema.org","@graph":[{"@type":"WebPage","@id":"https:\/\/szkola.garbow.pl\/index.php\/o-szkole\/","url":"https:\/\/szkola.garbow.pl\/index.php\/o-szkole\/","name":"O szkole - Szko\u0142a Podstawowa im. Marii Konopnickiej w Garbowie","isPartOf":{"@id":"https:\/\/szkola.garbow.pl\/#website"},"primaryImageOfPage":{"@id":"https:\/\/szkola.garbow.pl\/index.php\/o-szkole\/#primaryimage"},"image":{"@id":"https:\/\/szkola.garbow.pl\/index.php\/o-szkole\/#primaryimage"},"thumbnailUrl":"http:\/\/garbow.home.pl\/spgarbow\/wp-content\/uploads\/2020\/09\/szkola_garbow-1-550x350.png","datePublished":"2020-09-18T11:18:55+00:00","dateModified":"2020-10-22T17:13:57+00:00","breadcrumb":{"@id":"https:\/\/szkola.garbow.pl\/index.php\/o-szkole\/#breadcrumb"},"inLanguage":"pl-PL","potentialAction":[{"@type":"ReadAction","target":["https:\/\/szkola.garbow.pl\/index.php\/o-szkole\/"]}]},{"@type":"ImageObject","inLanguage":"pl-PL","@id":"https:\/\/szkola.garbow.pl\/index.php\/o-szkole\/#primaryimage","url":"http:\/\/garbow.home.pl\/spgarbow\/wp-content\/uploads\/2020\/09\/szkola_garbow-1-550x350.png","contentUrl":"http:\/\/garbow.home.pl\/spgarbow\/wp-content\/uploads\/2020\/09\/szkola_garbow-1-550x350.png"},{"@type":"BreadcrumbList","@id":"https:\/\/szkola.garbow.pl\/index.php\/o-szkole\/#breadcrumb","itemListElement":[{"@type":"ListItem","position":1,"name":"Strona g\u0142\u00f3wna","item":"https:\/\/szkola.garbow.pl\/"},{"@type":"ListItem","position":2,"name":"O szkole"}]},{"@type":"WebSite","@id":"https:\/\/szkola.garbow.pl\/#website","url":"https:\/\/szkola.garbow.pl\/","name":"Szko\u0142a Podstawowa im. Marii Konopnickiej w Garbowie","description":"Szko\u0142a Podstawowa im. Marii Konopnickiej w Garbowie","publisher":{"@id":"https:\/\/szkola.garbow.pl\/#organization"},"potentialAction":[{"@type":"SearchAction","target":{"@type":"EntryPoint","urlTemplate":"https:\/\/szkola.garbow.pl\/?s={search_term_string}"},"query-input":{"@type":"PropertyValueSpecification","valueRequired":true,"valueName":"search_term_string"}}],"inLanguage":"pl-PL"},{"@type":"Organization","@id":"https:\/\/szkola.garbow.pl\/#organization","name":"Szko\u0142a Podstawowa im. Marii Konopnickiej w Garbowie","url":"https:\/\/szkola.garbow.pl\/","logo":{"@type":"ImageObject","inLanguage":"pl-PL","@id":"https:\/\/szkola.garbow.pl\/#\/schema\/logo\/image\/","url":"https:\/\/szkola.garbow.pl\/wp-content\/uploads\/2020\/09\/szkola_podstawowa_garbow-1-1.png","contentUrl":"https:\/\/szkola.garbow.pl\/wp-content\/uploads\/2020\/09\/szkola_podstawowa_garbow-1-1.png","width":500,"height":136,"caption":"Szko\u0142a Podstawowa im. Marii Konopnickiej w Garbowie"},"image":{"@id":"https:\/\/szkola.garbow.pl\/#\/schema\/logo\/image\/"}}]}},"_links":{"self":[{"href":"https:\/\/szkola.garbow.pl\/index.php\/wp-json\/wp\/v2\/pages\/14","targetHints":{"allow":["GET"]}}],"collection":[{"href":"https:\/\/szkola.garbow.pl\/index.php\/wp-json\/wp\/v2\/pages"}],"about":[{"href":"https:\/\/szkola.garbow.pl\/index.php\/wp-json\/wp\/v2\/types\/page"}],"author":[{"embeddable":true,"href":"https:\/\/szkola.garbow.pl\/index.php\/wp-json\/wp\/v2\/users\/2"}],"replies":[{"embeddable":true,"href":"https:\/\/szkola.garbow.pl\/index.php\/wp-json\/wp\/v2\/comments?post=14"}],"version-history":[{"count":4,"href":"https:\/\/szkola.garbow.pl\/index.php\/wp-json\/wp\/v2\/pages\/14\/revisions"}],"predecessor-version":[{"id":3685,"href":"https:\/\/szkola.garbow.pl\/index.php\/wp-json\/wp\/v2\/pages\/14\/revisions\/3685"}],"wp:attachment":[{"href":"https:\/\/szkola.garbow.pl\/index.php\/wp-json\/wp\/v2\/media?parent=14"}],"curies":[{"name":"wp","href":"https:\/\/api.w.org\/{rel}","templated":true}]}}