{"id":134,"date":"2020-09-22T13:01:08","date_gmt":"2020-09-22T11:01:08","guid":{"rendered":"http:\/\/serwer1690480.home.pl\/garbow\/?page_id=134"},"modified":"2020-10-22T19:12:34","modified_gmt":"2020-10-22T17:12:34","slug":"chor-szkolny","status":"publish","type":"page","link":"https:\/\/szkola.garbow.pl\/index.php\/chor-szkolny\/","title":{"rendered":"Ch\u00f3r szkolny"},"content":{"rendered":"\t\t<div data-elementor-type=\"wp-page\" data-elementor-id=\"134\" class=\"elementor elementor-134\">\n\t\t\t\t\t\t<section class=\"elementor-section elementor-top-section elementor-element elementor-element-5503f045 elementor-section-content-middle elementor-section-boxed elementor-section-height-default elementor-section-height-default\" data-id=\"5503f045\" data-element_type=\"section\" data-e-type=\"section\">\n\t\t\t\t\t\t<div class=\"elementor-container elementor-column-gap-no\">\n\t\t\t\t\t<div class=\"elementor-column elementor-col-50 elementor-top-column elementor-element elementor-element-3eb7e479\" data-id=\"3eb7e479\" data-element_type=\"column\" data-e-type=\"column\">\n\t\t\t<div class=\"elementor-widget-wrap elementor-element-populated\">\n\t\t\t\t\t\t<div class=\"elementor-element elementor-element-2f22963 elementor-widget elementor-widget-heading\" data-id=\"2f22963\" data-element_type=\"widget\" data-e-type=\"widget\" data-widget_type=\"heading.default\">\n\t\t\t\t<div class=\"elementor-widget-container\">\n\t\t\t\t\t<h4 class=\"elementor-heading-title elementor-size-default\">Ch\u00f3r szkolny<\/h4>\t\t\t\t<\/div>\n\t\t\t\t<\/div>\n\t\t\t\t\t<\/div>\n\t\t<\/div>\n\t\t\t\t<div class=\"elementor-column elementor-col-50 elementor-top-column elementor-element elementor-element-2bc49308\" data-id=\"2bc49308\" data-element_type=\"column\" data-e-type=\"column\">\n\t\t\t<div class=\"elementor-widget-wrap elementor-element-populated\">\n\t\t\t\t\t\t<div class=\"elementor-element elementor-element-6ceeed47 elementor-widget elementor-widget-text-editor\" data-id=\"6ceeed47\" data-element_type=\"widget\" data-e-type=\"widget\" data-widget_type=\"text-editor.default\">\n\t\t\t\t<div class=\"elementor-widget-container\">\n\t\t\t\t\t\t\t\t\t<p>Ch\u00f3r gimnazjalny powsta\u0142 we wrze\u015bniu 2000 roku. W jego sk\u0142ad pocz\u0105tkowo wchodzi\u0142y uczennice klas I i II, a liczebno\u015b\u0107 <br \/>zespo\u0142u by\u0142a niewielka \u2013 oko\u0142o 12 os\u00f3b.<\/p><p>Do pierwszych zada\u0144 ch\u00f3ru nale\u017ca\u0142o wzbogacanie szkolnych uroczysto\u015bci: inauguracji i zako\u0144czenia roku, Dnia Edukacji Narodowej, <br \/>czy rocznicowych akademii patriotycznych.<\/p>\t\t\t\t\t\t\t\t<\/div>\n\t\t\t\t<\/div>\n\t\t\t\t\t<\/div>\n\t\t<\/div>\n\t\t\t\t\t<\/div>\n\t\t<\/section>\n\t\t\t\t<section class=\"elementor-section elementor-top-section elementor-element elementor-element-bb4a331 elementor-section-content-middle elementor-section-boxed elementor-section-height-default elementor-section-height-default\" data-id=\"bb4a331\" data-element_type=\"section\" data-e-type=\"section\">\n\t\t\t\t\t\t<div class=\"elementor-container elementor-column-gap-no\">\n\t\t\t\t\t<div class=\"elementor-column elementor-col-100 elementor-top-column elementor-element elementor-element-27710fc3\" data-id=\"27710fc3\" data-element_type=\"column\" data-e-type=\"column\">\n\t\t\t<div class=\"elementor-widget-wrap elementor-element-populated\">\n\t\t\t\t\t\t<div class=\"elementor-element elementor-element-2211d16 elementor-widget elementor-widget-text-editor\" data-id=\"2211d16\" data-element_type=\"widget\" data-e-type=\"widget\" data-widget_type=\"text-editor.default\">\n\t\t\t\t<div class=\"elementor-widget-container\">\n\t\t\t\t\t\t\t\t\t<p>Prze\u0142omowy okres dla rozwoju ch\u00f3ru to rok szkolny 2001\/ 2002 \u2013 rok nadania szkole imienia Jana Paw\u0142a II. W\u00f3wczas to zesp\u00f3\u0142 w\u0142\u0105czy\u0142 si\u0119 w fal\u0119 przygotowa\u0144 wymienionej uroczysto\u015bci. Znacznie poszerzy\u0142 sw\u00f3j repertuar, w tym o wiele pozycji powa\u017cnych utwor\u00f3w religijnych.<\/p><p>Wtedy to powsta\u0142 hymn szko\u0142y, w du\u017cej mierze napisany przez uczni\u00f3w (ostateczna wersja tekstu wy\u0142oniona zosta\u0142a w drodze konkursu, w kt\u00f3rym wzi\u0119\u0142a udzia\u0142 ca\u0142a spo\u0142eczno\u015b\u0107 szkolna). Inauguracyjne wykonanie hymnu przez ch\u00f3r szkolny odby\u0142o si\u0119 16 kwietnia 2002.<\/p><p>Od 2001 roku stale wzrasta liczba ch\u00f3rzyst\u00f3w. W niekt\u00f3rych latach si\u0119ga\u0142a nawet 60 os\u00f3b, co \u2013 z jednej strony wymog\u0142o konieczno\u015b\u0107 przeprowadzania surowych przes\u0142ucha\u0144, a z drugiej &#8211; pozwoli\u0142o na wy\u0142onienie ze struktury ch\u00f3ru mniejszego zespo\u0142u wokalnego i grupy solist\u00f3w.<\/p>\t\t\t\t\t\t\t\t<\/div>\n\t\t\t\t<\/div>\n\t\t\t\t\t<\/div>\n\t\t<\/div>\n\t\t\t\t\t<\/div>\n\t\t<\/section>\n\t\t\t\t<section class=\"elementor-section elementor-top-section elementor-element elementor-element-07d516d elementor-section-boxed elementor-section-height-default elementor-section-height-default\" data-id=\"07d516d\" data-element_type=\"section\" data-e-type=\"section\">\n\t\t\t\t\t\t<div class=\"elementor-container elementor-column-gap-default\">\n\t\t\t\t\t<div class=\"elementor-column elementor-col-50 elementor-top-column elementor-element elementor-element-a5c36cc\" data-id=\"a5c36cc\" data-element_type=\"column\" data-e-type=\"column\">\n\t\t\t<div class=\"elementor-widget-wrap elementor-element-populated\">\n\t\t\t\t\t\t<div class=\"elementor-element elementor-element-6333af19 elementor-widget elementor-widget-image\" data-id=\"6333af19\" data-element_type=\"widget\" data-e-type=\"widget\" data-widget_type=\"image.default\">\n\t\t\t\t<div class=\"elementor-widget-container\">\n\t\t\t\t\t\t\t\t\t\t\t\t\t\t\t<img fetchpriority=\"high\" decoding=\"async\" width=\"1024\" height=\"683\" src=\"https:\/\/szkola.garbow.pl\/wp-content\/uploads\/2020\/09\/szkola_podstawowa_garbow-1024x683.jpg\" class=\"elementor-animation-grow attachment-large size-large wp-image-236\" alt=\"\" srcset=\"https:\/\/szkola.garbow.pl\/wp-content\/uploads\/2020\/09\/szkola_podstawowa_garbow-1024x683.jpg 1024w, https:\/\/szkola.garbow.pl\/wp-content\/uploads\/2020\/09\/szkola_podstawowa_garbow-300x200.jpg 300w, https:\/\/szkola.garbow.pl\/wp-content\/uploads\/2020\/09\/szkola_podstawowa_garbow-768x512.jpg 768w, https:\/\/szkola.garbow.pl\/wp-content\/uploads\/2020\/09\/szkola_podstawowa_garbow-1536x1024.jpg 1536w, https:\/\/szkola.garbow.pl\/wp-content\/uploads\/2020\/09\/szkola_podstawowa_garbow-2048x1365.jpg 2048w, https:\/\/szkola.garbow.pl\/wp-content\/uploads\/2020\/09\/szkola_podstawowa_garbow-525x350.jpg 525w, https:\/\/szkola.garbow.pl\/wp-content\/uploads\/2020\/09\/szkola_podstawowa_garbow-scaled-e1600943199869.jpg 500w\" sizes=\"(max-width: 1024px) 100vw, 1024px\" \/>\t\t\t\t\t\t\t\t\t\t\t\t\t\t\t<\/div>\n\t\t\t\t<\/div>\n\t\t\t\t\t<\/div>\n\t\t<\/div>\n\t\t\t\t<div class=\"elementor-column elementor-col-50 elementor-top-column elementor-element elementor-element-0822c75\" data-id=\"0822c75\" data-element_type=\"column\" data-e-type=\"column\">\n\t\t\t<div class=\"elementor-widget-wrap elementor-element-populated\">\n\t\t\t\t\t\t<div class=\"elementor-element elementor-element-329a9f8 elementor-widget elementor-widget-text-editor\" data-id=\"329a9f8\" data-element_type=\"widget\" data-e-type=\"widget\" data-widget_type=\"text-editor.default\">\n\t\t\t\t<div class=\"elementor-widget-container\">\n\t\t\t\t\t\t\t\t\t<p>Dzi\u015b rola szkolnego ch\u00f3ru jest du\u017co wi\u0119ksza. Ch\u00f3r aktywnie uczestniczy nie tylko we wszystkich akademiach i festynach szkolnych, ale widoczny jest r\u00f3wnie\u017c w \u017cyciu spo\u0142ecznym i kulturalnym Garbowa. Regularnie u\u015bwietnia gminne uroczysto\u015bci: rocznice 11 Listopada, 3 Maja, wsp\u00f3\u0142pracuje z Gminnym O\u015brodkiem Pomocy Spo\u0142ecznej i Bibliotek\u0105 w zakresie wsp\u00f3\u0142organizacji spotka\u0144 op\u0142atkowych dla mieszka\u0144c\u00f3w Garbowa, Towarzystwem Ziemi Garbowskiej, Urz\u0119dem Stanu Cywilnego w Garbowie, Parafi\u0105, Wielka Orkiestr\u0105 \u015awi\u0105tecznej Pomocy oraz szeregiem instytuci kulturalnych na terenie wojew\u00f3dztwa lubelskiego i kraju.<\/p>\t\t\t\t\t\t\t\t<\/div>\n\t\t\t\t<\/div>\n\t\t\t\t\t<\/div>\n\t\t<\/div>\n\t\t\t\t\t<\/div>\n\t\t<\/section>\n\t\t\t\t<section class=\"elementor-section elementor-top-section elementor-element elementor-element-a0f2a8c elementor-section-boxed elementor-section-height-default elementor-section-height-default\" data-id=\"a0f2a8c\" data-element_type=\"section\" data-e-type=\"section\">\n\t\t\t\t\t\t<div class=\"elementor-container elementor-column-gap-default\">\n\t\t\t\t\t<div class=\"elementor-column elementor-col-50 elementor-top-column elementor-element elementor-element-86f705b\" data-id=\"86f705b\" data-element_type=\"column\" data-e-type=\"column\">\n\t\t\t<div class=\"elementor-widget-wrap elementor-element-populated\">\n\t\t\t\t\t\t<div class=\"elementor-element elementor-element-8bcd5b6 elementor-widget elementor-widget-text-editor\" data-id=\"8bcd5b6\" data-element_type=\"widget\" data-e-type=\"widget\" data-widget_type=\"text-editor.default\">\n\t\t\t\t<div class=\"elementor-widget-container\">\n\t\t\t\t\t\t\t\t\t<p>Pocz\u0105wszy od roku 2004 ch\u00f3r uczestniczy w wielu konkursach, przegl\u0105dach i festiwalach muzycznych. Zar\u00f3wno zesp\u00f3\u0142, jak i poszczeg\u00f3lni jego cz\u0142onkowie maj\u0105 na swoim koncie wiele nagr\u00f3d i wyr\u00f3\u017cnie\u0144.<\/p><p>Ch\u00f3rzy\u015bci cyklicznie bior\u0105 udzia\u0142 w szeregu uroczysto\u015bci i przegl\u0105d\u00f3w, m.in. obchodach Dnia Papieskiego, gminnych uroczysto\u015bciach zwi\u0105zanych z rocznicami odzyskania niepodleg\u0142o\u015bci, czy podsumowaniu projektu Monitorowanie Gminnych Strategii Edukacyjnych.\u00a0<\/p>\t\t\t\t\t\t\t\t<\/div>\n\t\t\t\t<\/div>\n\t\t\t\t\t<\/div>\n\t\t<\/div>\n\t\t\t\t<div class=\"elementor-column elementor-col-50 elementor-top-column elementor-element elementor-element-e5873df\" data-id=\"e5873df\" data-element_type=\"column\" data-e-type=\"column\">\n\t\t\t<div class=\"elementor-widget-wrap elementor-element-populated\">\n\t\t\t\t\t\t<div class=\"elementor-element elementor-element-bc52cff elementor-widget elementor-widget-image\" data-id=\"bc52cff\" data-element_type=\"widget\" data-e-type=\"widget\" data-widget_type=\"image.default\">\n\t\t\t\t<div class=\"elementor-widget-container\">\n\t\t\t\t\t\t\t\t\t\t\t\t\t\t\t<img decoding=\"async\" width=\"1024\" height=\"683\" src=\"https:\/\/szkola.garbow.pl\/wp-content\/uploads\/2020\/09\/szkola_podstawowa_garbow_chor_szkolny-1024x683.jpg\" class=\"elementor-animation-grow attachment-large size-large wp-image-237\" alt=\"\" srcset=\"https:\/\/szkola.garbow.pl\/wp-content\/uploads\/2020\/09\/szkola_podstawowa_garbow_chor_szkolny-1024x683.jpg 1024w, https:\/\/szkola.garbow.pl\/wp-content\/uploads\/2020\/09\/szkola_podstawowa_garbow_chor_szkolny-300x200.jpg 300w, https:\/\/szkola.garbow.pl\/wp-content\/uploads\/2020\/09\/szkola_podstawowa_garbow_chor_szkolny-768x512.jpg 768w, https:\/\/szkola.garbow.pl\/wp-content\/uploads\/2020\/09\/szkola_podstawowa_garbow_chor_szkolny-1536x1024.jpg 1536w, https:\/\/szkola.garbow.pl\/wp-content\/uploads\/2020\/09\/szkola_podstawowa_garbow_chor_szkolny-2048x1365.jpg 2048w, https:\/\/szkola.garbow.pl\/wp-content\/uploads\/2020\/09\/szkola_podstawowa_garbow_chor_szkolny-525x350.jpg 525w, https:\/\/szkola.garbow.pl\/wp-content\/uploads\/2020\/09\/szkola_podstawowa_garbow_chor_szkolny-scaled-e1600944292970.jpg 500w\" sizes=\"(max-width: 1024px) 100vw, 1024px\" \/>\t\t\t\t\t\t\t\t\t\t\t\t\t\t\t<\/div>\n\t\t\t\t<\/div>\n\t\t\t\t\t<\/div>\n\t\t<\/div>\n\t\t\t\t\t<\/div>\n\t\t<\/section>\n\t\t\t\t<section class=\"elementor-section elementor-top-section elementor-element elementor-element-8075cc2 elementor-section-boxed elementor-section-height-default elementor-section-height-default\" data-id=\"8075cc2\" data-element_type=\"section\" data-e-type=\"section\">\n\t\t\t\t\t\t<div class=\"elementor-container elementor-column-gap-default\">\n\t\t\t\t\t<div class=\"elementor-column elementor-col-100 elementor-top-column elementor-element elementor-element-a63bee1\" data-id=\"a63bee1\" data-element_type=\"column\" data-e-type=\"column\">\n\t\t\t<div class=\"elementor-widget-wrap elementor-element-populated\">\n\t\t\t\t\t\t<div class=\"elementor-element elementor-element-bffd589 elementor-widget elementor-widget-text-editor\" data-id=\"bffd589\" data-element_type=\"widget\" data-e-type=\"widget\" data-widget_type=\"text-editor.default\">\n\t\t\t\t<div class=\"elementor-widget-container\">\n\t\t\t\t\t\t\t\t\t<p>Do tradycji nale\u017cy ju\u017c przygotowywanie przez ch\u00f3r specjalnych program\u00f3w bo\u017conarodzeniowych, w kt\u00f3rych prezentowane s\u0105 zar\u00f3wno najpi\u0119kniejsze kol\u0119dy polskie (cz\u0119sto w bardzo oryginalnych aran\u017cacjach), jak te\u017c piosenki \u015bwi\u0105teczne innych narod\u00f3w. Ch\u00f3r uczestniczy tak\u017ce w projektach teatralnych, czego przyk\u0142adem mo\u017ce by\u0107 przygotowanie musicalu wg Moliera \u201eSk\u0105piec\u201d, w kt\u00f3rym soli\u015bci ch\u00f3ru po mistrzowsku wykonali m.in. \u201e If I were a rich man\u201d, czy \u201e Money, money\u201d.<\/p>\t\t\t\t\t\t\t\t<\/div>\n\t\t\t\t<\/div>\n\t\t\t\t\t<\/div>\n\t\t<\/div>\n\t\t\t\t\t<\/div>\n\t\t<\/section>\n\t\t\t\t<section class=\"elementor-section elementor-top-section elementor-element elementor-element-f25e68a elementor-section-boxed elementor-section-height-default elementor-section-height-default\" data-id=\"f25e68a\" data-element_type=\"section\" data-e-type=\"section\">\n\t\t\t\t\t\t<div class=\"elementor-container elementor-column-gap-default\">\n\t\t\t\t\t<div class=\"elementor-column elementor-col-100 elementor-top-column elementor-element elementor-element-f5d3be3\" data-id=\"f5d3be3\" data-element_type=\"column\" data-e-type=\"column\">\n\t\t\t<div class=\"elementor-widget-wrap elementor-element-populated\">\n\t\t\t\t\t\t<div class=\"elementor-element elementor-element-ab02b95 elementor-widget elementor-widget-text-editor\" data-id=\"ab02b95\" data-element_type=\"widget\" data-e-type=\"widget\" data-widget_type=\"text-editor.default\">\n\t\t\t\t<div class=\"elementor-widget-container\">\n\t\t\t\t\t\t\t\t\t<p>Z wa\u017cniejszych konkurs\u00f3w i festiwali wymieni\u0107 mo\u017cna:<\/p><ul><li>Festiwal Pie\u015bni Religijnej AVE MARIA w Markuszowie<\/li><li>Gminno \u2013 Parafialny Przegl\u0105d kol\u0119d i Pastora\u0142ek w Garbowie<\/li><li>I Wojew\u00f3dzki Konkurs Piosenki Romantycznej LIEBE&amp;LOVE<\/li><li>Og\u00f3lnopolski Festiwal \u015aPIEWAJ\u0104CY S\u0141OWIK<\/li><li>Lubelski Konkurs Poezji \u015apiewanej NA STRUNACH POEZJI<\/li><li>Mi\u0119dzynarodowy Festiwal Piosenki Dzieci\u0119cej i M\u0142odzie\u017cowej NA\u0141\u0118CZOWSKA NUTKA<\/li><li>Konkurs piosenki DIAMENTY LUBLINA<\/li><\/ul>\t\t\t\t\t\t\t\t<\/div>\n\t\t\t\t<\/div>\n\t\t\t\t\t<\/div>\n\t\t<\/div>\n\t\t\t\t\t<\/div>\n\t\t<\/section>\n\t\t\t\t<section class=\"elementor-section elementor-top-section elementor-element elementor-element-897e64d elementor-section-boxed elementor-section-height-default elementor-section-height-default\" data-id=\"897e64d\" data-element_type=\"section\" data-e-type=\"section\">\n\t\t\t\t\t\t<div class=\"elementor-container elementor-column-gap-default\">\n\t\t\t\t\t<div class=\"elementor-column elementor-col-100 elementor-top-column elementor-element elementor-element-2e95be8\" data-id=\"2e95be8\" data-element_type=\"column\" data-e-type=\"column\">\n\t\t\t<div class=\"elementor-widget-wrap elementor-element-populated\">\n\t\t\t\t\t\t<div class=\"elementor-element elementor-element-3bb91f3 elementor-widget elementor-widget-text-editor\" data-id=\"3bb91f3\" data-element_type=\"widget\" data-e-type=\"widget\" data-widget_type=\"text-editor.default\">\n\t\t\t\t<div class=\"elementor-widget-container\">\n\t\t\t\t\t\t\t\t\t<p>Repertuar wykonywany przez ch\u00f3r i solist\u00f3w jest bardzo bogaty i r\u00f3\u017cnorodny pod wzgl\u0119dem stylistycznym. Utwory, jakie mo\u017cna w nim dostrzec to zar\u00f3wno muzyka ludowa, patriotyczna, religijna, jak i tw\u00f3rczo\u015b\u0107 najwybitniejszych kompozytor\u00f3w i wykonawc\u00f3w polskiej estrady pocz\u0105wszy od lat dwudziestych ubieg\u0142ego wieku po najnowsze przeboje muzyki rozrywkowej.<br \/>Zesp\u00f3\u0142 i soli\u015bci podejmuj\u0105 si\u0119 najpowa\u017cniejszych wyzwa\u0144 w postaci piosenek z dorobku kompozytorskiego takich tw\u00f3rc\u00f3w jak: Henryk Wars, W\u0142adys\u0142aw Szpilman, Piotr Rubik, czy tak uznanych postaci jak: Mieczys\u0142aw Fogg, Hanka Ordon\u00f3wna, Zbigniew Wodecki, Maryla Rodowicz, Grzegorz Turnau, Liza Minelli, Micha\u0142 Bajor, Stanis\u0142aw Soyka, Gra\u017cyna \u0141obaszewska, Krystyna Pro\u0144ko, Andrzej Piasek \u2013 Piaseczny i wielu, wielu innych.<br \/><br \/>Absolwenci szko\u0142y cz\u0119sto kontynuuj\u0105 swe muzyczne zainteresowania poprzez uczestnictwo w ch\u00f3rach i zespo\u0142ach muzycznych dzia\u0142aj\u0105cych przy liceach.<\/p>\t\t\t\t\t\t\t\t<\/div>\n\t\t\t\t<\/div>\n\t\t\t\t\t<\/div>\n\t\t<\/div>\n\t\t\t\t\t<\/div>\n\t\t<\/section>\n\t\t\t\t<\/div>\n\t\t","protected":false},"excerpt":{"rendered":"<p>Ch\u00f3r szkolny Ch\u00f3r gimnazjalny powsta\u0142 we wrze\u015bniu 2000 roku. W jego sk\u0142ad pocz\u0105tkowo wchodzi\u0142y uczennice klas I i II, a liczebno\u015b\u0107 zespo\u0142u by\u0142a niewielka \u2013 oko\u0142o 12 os\u00f3b. Do pierwszych zada\u0144 ch\u00f3ru nale\u017ca\u0142o wzbogacanie szkolnych uroczysto\u015bci: inauguracji i zako\u0144czenia roku, Dnia Edukacji Narodowej, czy rocznicowych akademii patriotycznych. Prze\u0142omowy okres dla &hellip;<\/p>\n","protected":false},"author":2,"featured_media":0,"parent":0,"menu_order":0,"comment_status":"closed","ping_status":"closed","template":"","meta":{"footnotes":""},"class_list":["post-134","page","type-page","status-publish","hentry"],"yoast_head":"<!-- This site is optimized with the Yoast SEO plugin v27.4 - https:\/\/yoast.com\/product\/yoast-seo-wordpress\/ -->\n<title>Ch\u00f3r szkolny - Szko\u0142a Podstawowa im. Marii Konopnickiej w Garbowie<\/title>\n<meta name=\"robots\" content=\"index, follow, max-snippet:-1, max-image-preview:large, max-video-preview:-1\" \/>\n<link rel=\"canonical\" href=\"https:\/\/szkola.garbow.pl\/index.php\/chor-szkolny\/\" \/>\n<meta property=\"og:locale\" content=\"pl_PL\" \/>\n<meta property=\"og:type\" content=\"article\" \/>\n<meta property=\"og:title\" content=\"Ch\u00f3r szkolny - Szko\u0142a Podstawowa im. Marii Konopnickiej w Garbowie\" \/>\n<meta property=\"og:description\" content=\"Ch\u00f3r szkolny Ch\u00f3r gimnazjalny powsta\u0142 we wrze\u015bniu 2000 roku. W jego sk\u0142ad pocz\u0105tkowo wchodzi\u0142y uczennice klas I i II, a liczebno\u015b\u0107 zespo\u0142u by\u0142a niewielka \u2013 oko\u0142o 12 os\u00f3b. Do pierwszych zada\u0144 ch\u00f3ru nale\u017ca\u0142o wzbogacanie szkolnych uroczysto\u015bci: inauguracji i zako\u0144czenia roku, Dnia Edukacji Narodowej, czy rocznicowych akademii patriotycznych. Prze\u0142omowy okres dla &hellip;\" \/>\n<meta property=\"og:url\" content=\"https:\/\/szkola.garbow.pl\/index.php\/chor-szkolny\/\" \/>\n<meta property=\"og:site_name\" content=\"Szko\u0142a Podstawowa im. Marii Konopnickiej w Garbowie\" \/>\n<meta property=\"article:modified_time\" content=\"2020-10-22T17:12:34+00:00\" \/>\n<meta property=\"og:image\" content=\"http:\/\/garbow.home.pl\/spgarbow\/wp-content\/uploads\/2020\/09\/szkola_podstawowa_garbow-1024x683.jpg\" \/>\n<meta name=\"twitter:card\" content=\"summary_large_image\" \/>\n<meta name=\"twitter:label1\" content=\"Szacowany czas czytania\" \/>\n\t<meta name=\"twitter:data1\" content=\"3 minuty\" \/>\n<script type=\"application\/ld+json\" class=\"yoast-schema-graph\">{\"@context\":\"https:\\\/\\\/schema.org\",\"@graph\":[{\"@type\":\"WebPage\",\"@id\":\"https:\\\/\\\/szkola.garbow.pl\\\/index.php\\\/chor-szkolny\\\/\",\"url\":\"https:\\\/\\\/szkola.garbow.pl\\\/index.php\\\/chor-szkolny\\\/\",\"name\":\"Ch\u00f3r szkolny - Szko\u0142a Podstawowa im. Marii Konopnickiej w Garbowie\",\"isPartOf\":{\"@id\":\"https:\\\/\\\/szkola.garbow.pl\\\/#website\"},\"primaryImageOfPage\":{\"@id\":\"https:\\\/\\\/szkola.garbow.pl\\\/index.php\\\/chor-szkolny\\\/#primaryimage\"},\"image\":{\"@id\":\"https:\\\/\\\/szkola.garbow.pl\\\/index.php\\\/chor-szkolny\\\/#primaryimage\"},\"thumbnailUrl\":\"http:\\\/\\\/garbow.home.pl\\\/spgarbow\\\/wp-content\\\/uploads\\\/2020\\\/09\\\/szkola_podstawowa_garbow-1024x683.jpg\",\"datePublished\":\"2020-09-22T11:01:08+00:00\",\"dateModified\":\"2020-10-22T17:12:34+00:00\",\"breadcrumb\":{\"@id\":\"https:\\\/\\\/szkola.garbow.pl\\\/index.php\\\/chor-szkolny\\\/#breadcrumb\"},\"inLanguage\":\"pl-PL\",\"potentialAction\":[{\"@type\":\"ReadAction\",\"target\":[\"https:\\\/\\\/szkola.garbow.pl\\\/index.php\\\/chor-szkolny\\\/\"]}]},{\"@type\":\"ImageObject\",\"inLanguage\":\"pl-PL\",\"@id\":\"https:\\\/\\\/szkola.garbow.pl\\\/index.php\\\/chor-szkolny\\\/#primaryimage\",\"url\":\"http:\\\/\\\/garbow.home.pl\\\/spgarbow\\\/wp-content\\\/uploads\\\/2020\\\/09\\\/szkola_podstawowa_garbow-1024x683.jpg\",\"contentUrl\":\"http:\\\/\\\/garbow.home.pl\\\/spgarbow\\\/wp-content\\\/uploads\\\/2020\\\/09\\\/szkola_podstawowa_garbow-1024x683.jpg\"},{\"@type\":\"BreadcrumbList\",\"@id\":\"https:\\\/\\\/szkola.garbow.pl\\\/index.php\\\/chor-szkolny\\\/#breadcrumb\",\"itemListElement\":[{\"@type\":\"ListItem\",\"position\":1,\"name\":\"Strona g\u0142\u00f3wna\",\"item\":\"https:\\\/\\\/szkola.garbow.pl\\\/\"},{\"@type\":\"ListItem\",\"position\":2,\"name\":\"Ch\u00f3r szkolny\"}]},{\"@type\":\"WebSite\",\"@id\":\"https:\\\/\\\/szkola.garbow.pl\\\/#website\",\"url\":\"https:\\\/\\\/szkola.garbow.pl\\\/\",\"name\":\"Szko\u0142a Podstawowa im. Marii Konopnickiej w Garbowie\",\"description\":\"Szko\u0142a Podstawowa im. Marii Konopnickiej w Garbowie\",\"publisher\":{\"@id\":\"https:\\\/\\\/szkola.garbow.pl\\\/#organization\"},\"potentialAction\":[{\"@type\":\"SearchAction\",\"target\":{\"@type\":\"EntryPoint\",\"urlTemplate\":\"https:\\\/\\\/szkola.garbow.pl\\\/?s={search_term_string}\"},\"query-input\":{\"@type\":\"PropertyValueSpecification\",\"valueRequired\":true,\"valueName\":\"search_term_string\"}}],\"inLanguage\":\"pl-PL\"},{\"@type\":\"Organization\",\"@id\":\"https:\\\/\\\/szkola.garbow.pl\\\/#organization\",\"name\":\"Szko\u0142a Podstawowa im. Marii Konopnickiej w Garbowie\",\"url\":\"https:\\\/\\\/szkola.garbow.pl\\\/\",\"logo\":{\"@type\":\"ImageObject\",\"inLanguage\":\"pl-PL\",\"@id\":\"https:\\\/\\\/szkola.garbow.pl\\\/#\\\/schema\\\/logo\\\/image\\\/\",\"url\":\"https:\\\/\\\/szkola.garbow.pl\\\/wp-content\\\/uploads\\\/2020\\\/09\\\/szkola_podstawowa_garbow-1-1.png\",\"contentUrl\":\"https:\\\/\\\/szkola.garbow.pl\\\/wp-content\\\/uploads\\\/2020\\\/09\\\/szkola_podstawowa_garbow-1-1.png\",\"width\":500,\"height\":136,\"caption\":\"Szko\u0142a Podstawowa im. Marii Konopnickiej w Garbowie\"},\"image\":{\"@id\":\"https:\\\/\\\/szkola.garbow.pl\\\/#\\\/schema\\\/logo\\\/image\\\/\"}}]}<\/script>\n<!-- \/ Yoast SEO plugin. -->","yoast_head_json":{"title":"Ch\u00f3r szkolny - Szko\u0142a Podstawowa im. Marii Konopnickiej w Garbowie","robots":{"index":"index","follow":"follow","max-snippet":"max-snippet:-1","max-image-preview":"max-image-preview:large","max-video-preview":"max-video-preview:-1"},"canonical":"https:\/\/szkola.garbow.pl\/index.php\/chor-szkolny\/","og_locale":"pl_PL","og_type":"article","og_title":"Ch\u00f3r szkolny - Szko\u0142a Podstawowa im. Marii Konopnickiej w Garbowie","og_description":"Ch\u00f3r szkolny Ch\u00f3r gimnazjalny powsta\u0142 we wrze\u015bniu 2000 roku. W jego sk\u0142ad pocz\u0105tkowo wchodzi\u0142y uczennice klas I i II, a liczebno\u015b\u0107 zespo\u0142u by\u0142a niewielka \u2013 oko\u0142o 12 os\u00f3b. Do pierwszych zada\u0144 ch\u00f3ru nale\u017ca\u0142o wzbogacanie szkolnych uroczysto\u015bci: inauguracji i zako\u0144czenia roku, Dnia Edukacji Narodowej, czy rocznicowych akademii patriotycznych. Prze\u0142omowy okres dla &hellip;","og_url":"https:\/\/szkola.garbow.pl\/index.php\/chor-szkolny\/","og_site_name":"Szko\u0142a Podstawowa im. Marii Konopnickiej w Garbowie","article_modified_time":"2020-10-22T17:12:34+00:00","og_image":[{"url":"http:\/\/garbow.home.pl\/spgarbow\/wp-content\/uploads\/2020\/09\/szkola_podstawowa_garbow-1024x683.jpg","type":"","width":"","height":""}],"twitter_card":"summary_large_image","twitter_misc":{"Szacowany czas czytania":"3 minuty"},"schema":{"@context":"https:\/\/schema.org","@graph":[{"@type":"WebPage","@id":"https:\/\/szkola.garbow.pl\/index.php\/chor-szkolny\/","url":"https:\/\/szkola.garbow.pl\/index.php\/chor-szkolny\/","name":"Ch\u00f3r szkolny - Szko\u0142a Podstawowa im. Marii Konopnickiej w Garbowie","isPartOf":{"@id":"https:\/\/szkola.garbow.pl\/#website"},"primaryImageOfPage":{"@id":"https:\/\/szkola.garbow.pl\/index.php\/chor-szkolny\/#primaryimage"},"image":{"@id":"https:\/\/szkola.garbow.pl\/index.php\/chor-szkolny\/#primaryimage"},"thumbnailUrl":"http:\/\/garbow.home.pl\/spgarbow\/wp-content\/uploads\/2020\/09\/szkola_podstawowa_garbow-1024x683.jpg","datePublished":"2020-09-22T11:01:08+00:00","dateModified":"2020-10-22T17:12:34+00:00","breadcrumb":{"@id":"https:\/\/szkola.garbow.pl\/index.php\/chor-szkolny\/#breadcrumb"},"inLanguage":"pl-PL","potentialAction":[{"@type":"ReadAction","target":["https:\/\/szkola.garbow.pl\/index.php\/chor-szkolny\/"]}]},{"@type":"ImageObject","inLanguage":"pl-PL","@id":"https:\/\/szkola.garbow.pl\/index.php\/chor-szkolny\/#primaryimage","url":"http:\/\/garbow.home.pl\/spgarbow\/wp-content\/uploads\/2020\/09\/szkola_podstawowa_garbow-1024x683.jpg","contentUrl":"http:\/\/garbow.home.pl\/spgarbow\/wp-content\/uploads\/2020\/09\/szkola_podstawowa_garbow-1024x683.jpg"},{"@type":"BreadcrumbList","@id":"https:\/\/szkola.garbow.pl\/index.php\/chor-szkolny\/#breadcrumb","itemListElement":[{"@type":"ListItem","position":1,"name":"Strona g\u0142\u00f3wna","item":"https:\/\/szkola.garbow.pl\/"},{"@type":"ListItem","position":2,"name":"Ch\u00f3r szkolny"}]},{"@type":"WebSite","@id":"https:\/\/szkola.garbow.pl\/#website","url":"https:\/\/szkola.garbow.pl\/","name":"Szko\u0142a Podstawowa im. Marii Konopnickiej w Garbowie","description":"Szko\u0142a Podstawowa im. Marii Konopnickiej w Garbowie","publisher":{"@id":"https:\/\/szkola.garbow.pl\/#organization"},"potentialAction":[{"@type":"SearchAction","target":{"@type":"EntryPoint","urlTemplate":"https:\/\/szkola.garbow.pl\/?s={search_term_string}"},"query-input":{"@type":"PropertyValueSpecification","valueRequired":true,"valueName":"search_term_string"}}],"inLanguage":"pl-PL"},{"@type":"Organization","@id":"https:\/\/szkola.garbow.pl\/#organization","name":"Szko\u0142a Podstawowa im. Marii Konopnickiej w Garbowie","url":"https:\/\/szkola.garbow.pl\/","logo":{"@type":"ImageObject","inLanguage":"pl-PL","@id":"https:\/\/szkola.garbow.pl\/#\/schema\/logo\/image\/","url":"https:\/\/szkola.garbow.pl\/wp-content\/uploads\/2020\/09\/szkola_podstawowa_garbow-1-1.png","contentUrl":"https:\/\/szkola.garbow.pl\/wp-content\/uploads\/2020\/09\/szkola_podstawowa_garbow-1-1.png","width":500,"height":136,"caption":"Szko\u0142a Podstawowa im. Marii Konopnickiej w Garbowie"},"image":{"@id":"https:\/\/szkola.garbow.pl\/#\/schema\/logo\/image\/"}}]}},"_links":{"self":[{"href":"https:\/\/szkola.garbow.pl\/index.php\/wp-json\/wp\/v2\/pages\/134","targetHints":{"allow":["GET"]}}],"collection":[{"href":"https:\/\/szkola.garbow.pl\/index.php\/wp-json\/wp\/v2\/pages"}],"about":[{"href":"https:\/\/szkola.garbow.pl\/index.php\/wp-json\/wp\/v2\/types\/page"}],"author":[{"embeddable":true,"href":"https:\/\/szkola.garbow.pl\/index.php\/wp-json\/wp\/v2\/users\/2"}],"replies":[{"embeddable":true,"href":"https:\/\/szkola.garbow.pl\/index.php\/wp-json\/wp\/v2\/comments?post=134"}],"version-history":[{"count":5,"href":"https:\/\/szkola.garbow.pl\/index.php\/wp-json\/wp\/v2\/pages\/134\/revisions"}],"predecessor-version":[{"id":3683,"href":"https:\/\/szkola.garbow.pl\/index.php\/wp-json\/wp\/v2\/pages\/134\/revisions\/3683"}],"wp:attachment":[{"href":"https:\/\/szkola.garbow.pl\/index.php\/wp-json\/wp\/v2\/media?parent=134"}],"curies":[{"name":"wp","href":"https:\/\/api.w.org\/{rel}","templated":true}]}}