{"version":"1.0","provider_name":"Szko\u0142a Podstawowa im. Marii Konopnickiej w Garbowie","provider_url":"https:\/\/szkola.garbow.pl","author_name":"Agnieszka Pikul","author_url":"https:\/\/szkola.garbow.pl\/index.php\/author\/agnieszka_pikul\/","title":"P\u00d3\u0141KOLONIE Z EDUKIDO - Szko\u0142a Podstawowa im. Marii Konopnickiej w Garbowie","type":"rich","width":600,"height":338,"html":"<blockquote class=\"wp-embedded-content\" data-secret=\"AZdwSyBRUE\"><a href=\"https:\/\/szkola.garbow.pl\/index.php\/2026\/04\/27\/polkolonie-z-edukido\/\">P\u00d3\u0141KOLONIE Z EDUKIDO<\/a><\/blockquote><iframe sandbox=\"allow-scripts\" security=\"restricted\" src=\"https:\/\/szkola.garbow.pl\/index.php\/2026\/04\/27\/polkolonie-z-edukido\/embed\/#?secret=AZdwSyBRUE\" width=\"600\" height=\"338\" title=\"&#8222;P\u00d3\u0141KOLONIE Z EDUKIDO&#8221; &#8212; Szko\u0142a Podstawowa im. Marii Konopnickiej w Garbowie\" data-secret=\"AZdwSyBRUE\" frameborder=\"0\" marginwidth=\"0\" marginheight=\"0\" scrolling=\"no\" class=\"wp-embedded-content\"><\/iframe><script type=\"text\/javascript\">\n\/* <![CDATA[ *\/\n\/*! This file is auto-generated *\/\n!function(d,l){\"use strict\";l.querySelector&&d.addEventListener&&\"undefined\"!=typeof URL&&(d.wp=d.wp||{},d.wp.receiveEmbedMessage||(d.wp.receiveEmbedMessage=function(e){var t=e.data;if((t||t.secret||t.message||t.value)&&!\/[^a-zA-Z0-9]\/.test(t.secret)){for(var s,r,n,a=l.querySelectorAll('iframe[data-secret=\"'+t.secret+'\"]'),o=l.querySelectorAll('blockquote[data-secret=\"'+t.secret+'\"]'),c=new RegExp(\"^https?:$\",\"i\"),i=0;i<o.length;i++)o[i].style.display=\"none\";for(i=0;i<a.length;i++)s=a[i],e.source===s.contentWindow&&(s.removeAttribute(\"style\"),\"height\"===t.message?(1e3<(r=parseInt(t.value,10))?r=1e3:~~r<200&&(r=200),s.height=r):\"link\"===t.message&&(r=new URL(s.getAttribute(\"src\")),n=new URL(t.value),c.test(n.protocol))&&n.host===r.host&&l.activeElement===s&&(d.top.location.href=t.value))}},d.addEventListener(\"message\",d.wp.receiveEmbedMessage,!1),l.addEventListener(\"DOMContentLoaded\",function(){for(var e,t,s=l.querySelectorAll(\"iframe.wp-embedded-content\"),r=0;r<s.length;r++)(t=(e=s[r]).getAttribute(\"data-secret\"))||(t=Math.random().toString(36).substring(2,12),e.src+=\"#?secret=\"+t,e.setAttribute(\"data-secret\",t)),e.contentWindow.postMessage({message:\"ready\",secret:t},\"*\")},!1)))}(window,document);\n\/* ]]> *\/\n<\/script>\n","thumbnail_url":"https:\/\/szkola.garbow.pl\/wp-content\/uploads\/2026\/04\/zaproszenie-scaled.png","thumbnail_width":500,"thumbnail_height":358,"description":"Drodzy Rodzice, w czasie zbli\u017caj\u0105cych si\u0119 wakacji serdecznie zapraszamy na P\u00d3\u0141KOLONIE EDUKIDO, kt\u00f3re organizowane s\u0105 w Lublinie, dla dzieci w wieku 5-11 lat&nbsp;\ud83c\udf1e\ud83d\ude0a \ud83d\udc49&nbsp;TERMINY i MIEJSCA&nbsp;\ud83d\uddd2 \ud83d\uddd3\ufe0f&nbsp;Pierwsze 8 tygodni wakacji \ud83c\udfeb Czech\u00f3w, Czuby\/W\u0119glin, Wrotk\u00f3w, Felin\/Bronowice &nbsp;\ud83d\udc49&nbsp;W PROGRAMIE m.in.: \u2013 codziennie warsztaty edukacyjne z klockami LEGO \u2013 zaj\u0119cia z robotyki&nbsp;\ud83e\udd16 \ud83d\udc49&nbsp;Codziennie &hellip;"}